{"id":16,"date":"2015-12-02T10:52:51","date_gmt":"2015-12-02T10:52:51","guid":{"rendered":"http:\/\/theme-fusion.com\/avada\/university\/?page_id=16"},"modified":"2022-09-02T17:42:32","modified_gmt":"2022-09-02T17:42:32","slug":"frettir","status":"publish","type":"page","link":"https:\/\/hedinn.is\/en\/um-okkur\/frettir\/","title":{"rendered":"News"},"content":{"rendered":"<p><div class=\"fusion-fullwidth fullwidth-box fusion-builder-row-1 fusion-flex-container nonhundred-percent-fullwidth non-hundred-percent-height-scrolling\" style=\"background-color: #faf9f8;background-position: left top;background-repeat: no-repeat;border-width: 0px 0px 0px 0px;border-color:#e7e4e2;border-style:solid;\" ><div class=\"fusion-builder-row fusion-row fusion-flex-align-items-flex-start\" style=\"max-width:1144px;margin-left: calc(-4% \/ 2 );margin-right: calc(-4% \/ 2 );\"><div class=\"fusion-layout-column fusion_builder_column fusion-builder-column-0 fusion_builder_column_1_6 1_6 fusion-flex-column fusion-no-small-visibility\"><div class=\"fusion-column-wrapper fusion-flex-justify-content-flex-start fusion-content-layout-column\" style=\"background-position:left top;background-repeat:no-repeat;-webkit-background-size:cover;-moz-background-size:cover;-o-background-size:cover;background-size:cover;padding: 0px 0px 0px 0px;\"><\/div><style type=\"text\/css\">.fusion-body .fusion-builder-column-0{width:16.666666666667% !important;margin-top : 10px;margin-bottom : 10px;}.fusion-builder-column-0 > .fusion-column-wrapper {padding-top : 0px !important;padding-right : 0px !important;margin-right : 11.52%;padding-bottom : 0px !important;padding-left : 0px !important;margin-left : 11.52%;}@media only screen and (max-width:1024px) {.fusion-body .fusion-builder-column-0{width:100% !important;}.fusion-builder-column-0 > .fusion-column-wrapper {margin-right : 1.92%;margin-left : 1.92%;}}@media only screen and (max-width:640px) {.fusion-body .fusion-builder-column-0{width:100% !important;}.fusion-builder-column-0 > .fusion-column-wrapper {margin-right : 1.92%;margin-left : 1.92%;}}<\/style><\/div><div class=\"fusion-layout-column fusion_builder_column fusion-builder-column-1 fusion_builder_column_2_3 2_3 fusion-flex-column\"><div class=\"fusion-column-wrapper fusion-flex-justify-content-flex-start fusion-content-layout-column\" style=\"background-position:left top;background-repeat:no-repeat;-webkit-background-size:cover;-moz-background-size:cover;-o-background-size:cover;background-size:cover;padding: 0px 0px 0px 0px;\"><div class=\"fusion-blog-shortcode fusion-blog-shortcode-1 fusion-blog-archive fusion-blog-layout-large-alternate fusion-blog-no\"><div class=\"fusion-posts-container fusion-posts-container-no fusion-no-meta-info fusion-blog-rollover\" data-pages=\"0\"><article id=\"blog-1-post-5841\" class=\"fusion-post-large-alternate post-5841 post type-post status-publish format-standard has-post-thumbnail hentry category-hedinn\">\n\t<style type=\"text\/css\">\n\t\t\n\t\t\n\t\t\n\t\t\n\t\t\t<\/style>\n\n\n\t\t\t<div class=\"fusion-flexslider flexslider fusion-flexslider-loading fusion-post-slideshow\" style=\"\">\n\t\t<ul class=\"slides\">\n\t\t\t\n\t\t\t\t\t\t\t\t\t\t\t\t\t\t<li><div  class=\"fusion-image-wrapper\" aria-haspopup=\"true\">\n\t\t\t\t<img decoding=\"async\" width=\"2560\" height=\"1920\" src=\"https:\/\/hedinn.is\/wp-content\/uploads\/2025\/12\/Fitjar_2025-scaled.jpg\" class=\"attachment-full size-full lazyload wp-post-image\" alt=\"\" srcset=\"data:image\/svg+xml,%3Csvg%20xmlns%3D%27http%3A%2F%2Fwww.w3.org%2F2000%2Fsvg%27%20width%3D%272560%27%20height%3D%271920%27%20viewBox%3D%270%200%202560%201920%27%3E%3Crect%20width%3D%272560%27%20height%3D%271920%27%20fill-opacity%3D%220%22%2F%3E%3C%2Fsvg%3E\" data-orig-src=\"https:\/\/hedinn.is\/wp-content\/uploads\/2025\/12\/Fitjar_2025-scaled.jpg\" data-srcset=\"https:\/\/hedinn.is\/wp-content\/uploads\/2025\/12\/Fitjar_2025-200x150.jpg 200w, https:\/\/hedinn.is\/wp-content\/uploads\/2025\/12\/Fitjar_2025-400x300.jpg 400w, https:\/\/hedinn.is\/wp-content\/uploads\/2025\/12\/Fitjar_2025-600x450.jpg 600w, https:\/\/hedinn.is\/wp-content\/uploads\/2025\/12\/Fitjar_2025-800x600.jpg 800w, https:\/\/hedinn.is\/wp-content\/uploads\/2025\/12\/Fitjar_2025-1200x900.jpg 1200w, https:\/\/hedinn.is\/wp-content\/uploads\/2025\/12\/Fitjar_2025-scaled.jpg 2560w\" data-sizes=\"auto\" \/><div class=\"fusion-rollover\">\n\t<div class=\"fusion-rollover-content\">\n\n\t\t\t\t\t\t\t\t\t\t\t\t\t\t<a class=\"fusion-rollover-link\" href=\"https:\/\/hedinn.is\/en\/hedinn-lykur-vid-uppsetningu-a-neydarbunadi-vid-fitjar-og-rockville\/\">H\u00e9\u00f0inn l\u00fdkur vi\u00f0 uppsetningu \u00e1 ney\u00f0arb\u00fana\u00f0i vi\u00f0 Fitjar og Rockville<\/a>\n\t\t\t\n\t\t\t\t\t\t\t\t\t\t\t\t\t\t\n\t\t\t\t\t\t\t\t\n\t\t\t\t\t\t\t\t\t\t\t\t\t<div class=\"fusion-rollover-sep\"><\/div>\n\t\t\t\t\n\t\t\t\t\t\t\t\t\t\t\t\t\t\t\t\t\t\t<a class=\"fusion-rollover-gallery\" href=\"https:\/\/hedinn.is\/wp-content\/uploads\/2025\/12\/Fitjar_2025-scaled.jpg\" data-id=\"5841\" data-rel=\"iLightbox[gallery]\" data-title=\"\" data-caption=\"H\u00e9\u00f0inn sm\u00ed\u00f0a\u00f0i fj\u00f6gur sett af f\u00e6ranlegum varmast\u00f6\u00f0vum sem h\u00e6gt er a\u00f0 setja upp annars sta\u00f0ar \u00e1 landinu ef \u00fe\u00f6rf krefur.\">\n\t\t\t\t\t\tGallery\t\t\t\t\t<\/a>\n\t\t\t\t\t\t\t\t\t\t\t\t\t\t\n\t\t\n\t\t\t\t\t\t\t\t\n\t\t\t\t\t\t\t\t\n\t\t\n\t\t\t\t\t\t<a class=\"fusion-link-wrapper\" href=\"https:\/\/hedinn.is\/en\/hedinn-lykur-vid-uppsetningu-a-neydarbunadi-vid-fitjar-og-rockville\/\" aria-label=\"H\u00e9\u00f0inn l\u00fdkur vi\u00f0 uppsetningu \u00e1 ney\u00f0arb\u00fana\u00f0i vi\u00f0 Fitjar og Rockville\"><\/a>\n\t<\/div>\n<\/div>\n<\/div>\n<\/li>\n\t\t\t\n\t\t\t\n\t\t\t\t\t\t\t\t\t\t\t\t\t\t\t\t\t\t\t\t\t\t\t\t\t\t\t\t\t\t\t\t\t\t\t\t\t\t\t\t\t\t\t\t\t\t\t\t\t\t\t\t\t\t\t\t\t\t\t\t\t\t\t\t\t\t\t\t<\/ul>\n\t<\/div>\n\t<div class=\"fusion-date-and-formats\"><div class=\"fusion-date-box updated\"><span class=\"fusion-date\">30<\/span><span class=\"fusion-month-year\">12, 2025<\/span><\/div><div class=\"fusion-format-box\"><i class=\"awb-icon-pen\" aria-hidden=\"true\"><\/i><\/div><\/div><div class=\"fusion-post-content post-content\"><h2 class=\"blog-shortcode-post-title\"><a href=\"https:\/\/hedinn.is\/en\/hedinn-lykur-vid-uppsetningu-a-neydarbunadi-vid-fitjar-og-rockville\/\">H\u00e9\u00f0inn l\u00fdkur vi\u00f0 uppsetningu \u00e1 ney\u00f0arb\u00fana\u00f0i vi\u00f0 Fitjar og Rockville<\/a><\/h2><div class=\"fusion-post-content-container\"><p> H\u00e9\u00f0inn l\u00fdkur vi\u00f0 uppsetningu \u00e1 ney\u00f0arb\u00fana\u00f0i vi\u00f0 Fitjar og Rockville  N\u00fa \u00ed desember luku starfsmenn H\u00e9\u00f0ins vi\u00f0 a\u00f0 setja upp ney\u00f0arkyndist\u00f6\u00f0var \u00e1 Fitjum vi\u00f0 Reykjanesb\u00e6. \u00c1\u00f0ur haf\u00f0i samb\u00e6rilegum b\u00fana\u00f0i veri\u00f0 komi\u00f0 upp vi\u00f0 Rockville. Kyndist\u00f6\u00f0varnar eiga a\u00f0 koma \u00ed veg fyrir rof \u00e1 afhendingu \u00e1 heitu vatni \u00e1 Su\u00f0urnesjum einsog ger\u00f0ist \u00feegar \u00feegar hraunstraumur fr\u00e1 Sundhn\u00faksg\u00edgum t\u00f3k sundur lagnir vi\u00f0 Svartsengi \u00ed febr\u00faar 2024 og \u00edb\u00faar voru heitavatnslausir <a href=\"https:\/\/hedinn.is\/en\/hedinn-lykur-vid-uppsetningu-a-neydarbunadi-vid-fitjar-og-rockville\/\">[...]<\/a><\/p><\/div><\/div><div class=\"fusion-clearfix\"><\/div><\/article>\n<article id=\"blog-1-post-5834\" class=\"fusion-post-large-alternate post-5834 post type-post status-publish format-standard has-post-thumbnail hentry category-hedinn\">\n\t<style type=\"text\/css\">\n\t\t\n\t\t\n\t\t\n\t\t\n\t\t\t<\/style>\n\n\n\t\t\t<div class=\"fusion-flexslider flexslider fusion-flexslider-loading fusion-post-slideshow\" style=\"\">\n\t\t<ul class=\"slides\">\n\t\t\t\n\t\t\t\t\t\t\t\t\t\t\t\t\t\t<li><div  class=\"fusion-image-wrapper\" aria-haspopup=\"true\">\n\t\t\t\t<img decoding=\"async\" width=\"1924\" height=\"1106\" src=\"https:\/\/hedinn.is\/wp-content\/uploads\/2025\/12\/Daniel_Freyr.png\" class=\"attachment-full size-full lazyload wp-post-image\" alt=\"\" srcset=\"data:image\/svg+xml,%3Csvg%20xmlns%3D%27http%3A%2F%2Fwww.w3.org%2F2000%2Fsvg%27%20width%3D%271924%27%20height%3D%271106%27%20viewBox%3D%270%200%201924%201106%27%3E%3Crect%20width%3D%271924%27%20height%3D%271106%27%20fill-opacity%3D%220%22%2F%3E%3C%2Fsvg%3E\" data-orig-src=\"https:\/\/hedinn.is\/wp-content\/uploads\/2025\/12\/Daniel_Freyr.png\" data-srcset=\"https:\/\/hedinn.is\/wp-content\/uploads\/2025\/12\/Daniel_Freyr-200x115.png 200w, https:\/\/hedinn.is\/wp-content\/uploads\/2025\/12\/Daniel_Freyr-400x230.png 400w, https:\/\/hedinn.is\/wp-content\/uploads\/2025\/12\/Daniel_Freyr-600x345.png 600w, https:\/\/hedinn.is\/wp-content\/uploads\/2025\/12\/Daniel_Freyr-800x460.png 800w, https:\/\/hedinn.is\/wp-content\/uploads\/2025\/12\/Daniel_Freyr-1200x690.png 1200w, https:\/\/hedinn.is\/wp-content\/uploads\/2025\/12\/Daniel_Freyr.png 1924w\" data-sizes=\"auto\" \/><div class=\"fusion-rollover\">\n\t<div class=\"fusion-rollover-content\">\n\n\t\t\t\t\t\t\t\t\t\t\t\t\t\t<a class=\"fusion-rollover-link\" href=\"https:\/\/hedinn.is\/en\/hedinn-service-portal-i-fiskifrettum\/\">H\u00e9\u00f0inn Service Portal \u00cd Fiskifr\u00e9ttum<\/a>\n\t\t\t\n\t\t\t\t\t\t\t\t\t\t\t\t\t\t\n\t\t\t\t\t\t\t\t\n\t\t\t\t\t\t\t\t\t\t\t\t\t<div class=\"fusion-rollover-sep\"><\/div>\n\t\t\t\t\n\t\t\t\t\t\t\t\t\t\t\t\t\t\t\t\t\t\t<a class=\"fusion-rollover-gallery\" href=\"https:\/\/hedinn.is\/wp-content\/uploads\/2025\/12\/Daniel_Freyr.png\" data-id=\"5834\" data-rel=\"iLightbox[gallery]\" data-title=\"\" data-caption=\"Dan\u00edel Freyr Hjaltason, yfirma\u00f0ur n\u00fdsk\u00f6punar og \u00fer\u00f3unar hj\u00e1 H\u00e9\u00f0ni. Lj\u00f3smynd: Baldur Kristj\u00e1nsson\">\n\t\t\t\t\t\tGallery\t\t\t\t\t<\/a>\n\t\t\t\t\t\t\t\t\t\t\t\t\t\t\n\t\t\n\t\t\t\t\t\t\t\t\n\t\t\t\t\t\t\t\t\n\t\t\n\t\t\t\t\t\t<a class=\"fusion-link-wrapper\" href=\"https:\/\/hedinn.is\/en\/hedinn-service-portal-i-fiskifrettum\/\" aria-label=\"H\u00e9\u00f0inn Service Portal \u00cd Fiskifr\u00e9ttum\"><\/a>\n\t<\/div>\n<\/div>\n<\/div>\n<\/li>\n\t\t\t\n\t\t\t\n\t\t\t\t\t\t\t\t\t\t\t\t\t\t\t\t\t\t\t\t\t\t\t\t\t\t\t\t\t\t\t\t\t\t\t\t\t\t\t\t\t\t\t\t\t\t\t\t\t\t\t\t\t\t\t\t\t\t\t\t\t\t\t\t\t\t\t\t<\/ul>\n\t<\/div>\n\t<div class=\"fusion-date-and-formats\"><div class=\"fusion-date-box updated\"><span class=\"fusion-date\">13<\/span><span class=\"fusion-month-year\">11, 2025<\/span><\/div><div class=\"fusion-format-box\"><i class=\"awb-icon-pen\" aria-hidden=\"true\"><\/i><\/div><\/div><div class=\"fusion-post-content post-content\"><h2 class=\"blog-shortcode-post-title\"><a href=\"https:\/\/hedinn.is\/en\/hedinn-service-portal-i-fiskifrettum\/\">H\u00e9\u00f0inn Service Portal \u00cd Fiskifr\u00e9ttum<\/a><\/h2><div class=\"fusion-post-content-container\"><p> H\u00e9\u00f0inn Service Portal \u00ed Fiskifr\u00e9ttum  Dan\u00edel Freyr Hjartarson, yfirma\u00f0ur n\u00fdsk\u00f6punar og \u00fer\u00f3unar hj\u00e1 H\u00e9\u00f0ni, er \u00ed \u00edtarlegu vi\u00f0tali vi\u00f0 Fiskifr\u00e9ttir um n\u00fdsk\u00f6punarverkefni\u00f0 H\u00e9\u00f0inn Service Portal (HPS), sem er gagna- og uppl\u00fdsingageymsla me\u00f0 notkunarlei\u00f0beiningum, t\u00e6kniteikningum og vi\u00f0halds\u00e1\u00e6tlunum fr\u00e1 framlei\u00f0endum b\u00fana\u00f0ar fyrir \u00fe\u00e1 sem koma a\u00f0 vi\u00f0haldi skipa og verksmi\u00f0ja. \u00cd HPS m\u00e1 til d\u00e6mis sko\u00f0a fyrri verksk\u00fdrslur og sj\u00e1 hva\u00f0 var s\u00ed\u00f0ast gert vi\u00f0 \u00feegar bilun kom upp. H\u00e6gt <a href=\"https:\/\/hedinn.is\/en\/hedinn-service-portal-i-fiskifrettum\/\">[...]<\/a><\/p><\/div><\/div><div class=\"fusion-clearfix\"><\/div><\/article>\n<article id=\"blog-1-post-5824\" class=\"fusion-post-large-alternate post-5824 post type-post status-publish format-standard has-post-thumbnail hentry category-hedinn\">\n\t<style type=\"text\/css\">\n\t\t\n\t\t\n\t\t\n\t\t\n\t\t\t<\/style>\n\n\n\t\t\t<div class=\"fusion-flexslider flexslider fusion-flexslider-loading fusion-post-slideshow\" style=\"\">\n\t\t<ul class=\"slides\">\n\t\t\t\n\t\t\t\t\t\t\t\t\t\t\t\t\t\t<li><div  class=\"fusion-image-wrapper\" aria-haspopup=\"true\">\n\t\t\t\t<img decoding=\"async\" width=\"1970\" height=\"1110\" src=\"https:\/\/hedinn.is\/wp-content\/uploads\/2025\/12\/Egersund_2025.png\" class=\"attachment-full size-full lazyload wp-post-image\" alt=\"\" srcset=\"data:image\/svg+xml,%3Csvg%20xmlns%3D%27http%3A%2F%2Fwww.w3.org%2F2000%2Fsvg%27%20width%3D%271970%27%20height%3D%271110%27%20viewBox%3D%270%200%201970%201110%27%3E%3Crect%20width%3D%271970%27%20height%3D%271110%27%20fill-opacity%3D%220%22%2F%3E%3C%2Fsvg%3E\" data-orig-src=\"https:\/\/hedinn.is\/wp-content\/uploads\/2025\/12\/Egersund_2025.png\" data-srcset=\"https:\/\/hedinn.is\/wp-content\/uploads\/2025\/12\/Egersund_2025-200x113.png 200w, https:\/\/hedinn.is\/wp-content\/uploads\/2025\/12\/Egersund_2025-400x225.png 400w, https:\/\/hedinn.is\/wp-content\/uploads\/2025\/12\/Egersund_2025-600x338.png 600w, https:\/\/hedinn.is\/wp-content\/uploads\/2025\/12\/Egersund_2025-800x451.png 800w, https:\/\/hedinn.is\/wp-content\/uploads\/2025\/12\/Egersund_2025-1200x676.png 1200w, https:\/\/hedinn.is\/wp-content\/uploads\/2025\/12\/Egersund_2025.png 1970w\" data-sizes=\"auto\" \/><div class=\"fusion-rollover\">\n\t<div class=\"fusion-rollover-content\">\n\n\t\t\t\t\t\t\t\t\t\t\t\t\t\t<a class=\"fusion-rollover-link\" href=\"https:\/\/hedinn.is\/en\/morgunbladid-fjallar-um-staersta-verkefni-hedins-a-thessari-old\/\">Morgunbla\u00f0i\u00f0 fjallar um st\u00e6rsta verkefni H\u00e9\u00f0ins \u00e1 \u00feessari \u00f6ld<\/a>\n\t\t\t\n\t\t\t\t\t\t\t\t\t\t\t\t\t\t\n\t\t\t\t\t\t\t\t\n\t\t\t\t\t\t\t\t\t\t\t\t\t<div class=\"fusion-rollover-sep\"><\/div>\n\t\t\t\t\n\t\t\t\t\t\t\t\t\t\t\t\t\t\t\t\t\t\t<a class=\"fusion-rollover-gallery\" href=\"https:\/\/hedinn.is\/wp-content\/uploads\/2025\/12\/Egersund_2025.png\" data-id=\"5824\" data-rel=\"iLightbox[gallery]\" data-title=\"\" data-caption=\"Athafnasv\u00e6\u00f0i Prima Protein vi\u00f0 Egersund \u00e1 su\u00f0vestur-str\u00f6nd Noregs. Lj\u00f3smynd: Prima Protein.\">\n\t\t\t\t\t\tGallery\t\t\t\t\t<\/a>\n\t\t\t\t\t\t\t\t\t\t\t\t\t\t\n\t\t\n\t\t\t\t\t\t\t\t\n\t\t\t\t\t\t\t\t\n\t\t\n\t\t\t\t\t\t<a class=\"fusion-link-wrapper\" href=\"https:\/\/hedinn.is\/en\/morgunbladid-fjallar-um-staersta-verkefni-hedins-a-thessari-old\/\" aria-label=\"Morgunbla\u00f0i\u00f0 fjallar um st\u00e6rsta verkefni H\u00e9\u00f0ins \u00e1 \u00feessari \u00f6ld\"><\/a>\n\t<\/div>\n<\/div>\n<\/div>\n<\/li>\n\t\t\t\n\t\t\t\n\t\t\t\t\t\t\t\t\t\t\t\t\t\t\t\t\t\t\t\t\t\t\t\t\t\t\t\t\t\t\t\t\t\t\t\t\t\t\t\t\t\t\t\t\t\t\t\t\t\t\t\t\t\t\t\t\t\t\t\t\t\t\t\t\t\t\t\t<\/ul>\n\t<\/div>\n\t<div class=\"fusion-date-and-formats\"><div class=\"fusion-date-box updated\"><span class=\"fusion-date\">8<\/span><span class=\"fusion-month-year\">11, 2025<\/span><\/div><div class=\"fusion-format-box\"><i class=\"awb-icon-pen\" aria-hidden=\"true\"><\/i><\/div><\/div><div class=\"fusion-post-content post-content\"><h2 class=\"blog-shortcode-post-title\"><a href=\"https:\/\/hedinn.is\/en\/morgunbladid-fjallar-um-staersta-verkefni-hedins-a-thessari-old\/\">Morgunbla\u00f0i\u00f0 fjallar um st\u00e6rsta verkefni H\u00e9\u00f0ins \u00e1 \u00feessari \u00f6ld<\/a><\/h2><div class=\"fusion-post-content-container\"><p> Morgunbla\u00f0i\u00f0 fjallar um st\u00e6rsta verkefni H\u00e9\u00f0ins \u00e1 \u00feessari \u00f6ld  Sj\u00e1var\u00fatvegsfr\u00e9ttahluti Morgunbla\u00f0sins, 200 m\u00edlur, hefur birt skemmtilega umfj\u00f6llun um verksmi\u00f0ju norska mj\u00f6l- og fiskol\u00eduframlei\u00f0andands Prima Protein sem var h\u00f6nnu\u00f0 af H\u00e9\u00f0ni. \u201eVerksmi\u00f0jan vi\u00f0 Egersund er st\u00e6rsta einstaka verk H\u00e9\u00f0ins fr\u00e1 aldam\u00f3tum. \u00deetta var \u00ed fyrsta skipti \u00ed mj\u00f6g langan t\u00edma sem n\u00fd fiskimj\u00f6lsverksmi\u00f0ja af \u00feessari st\u00e6r\u00f0argr\u00e1\u00f0u var bygg\u00f0 fr\u00e1 grunni en ekki veri\u00f0 a\u00f0 b\u00e6ta og breyta g\u00f6mlum verksmi\u00f0jum <a href=\"https:\/\/hedinn.is\/en\/morgunbladid-fjallar-um-staersta-verkefni-hedins-a-thessari-old\/\">[...]<\/a><\/p><\/div><\/div><div class=\"fusion-clearfix\"><\/div><\/article>\n<article id=\"blog-1-post-5816\" class=\"fusion-post-large-alternate post-5816 post type-post status-publish format-standard has-post-thumbnail hentry category-hedinn\">\n\t<style type=\"text\/css\">\n\t\t\n\t\t\n\t\t\n\t\t\n\t\t\t<\/style>\n\n\n\t\t\t<div class=\"fusion-flexslider flexslider fusion-flexslider-loading fusion-post-slideshow\" style=\"\">\n\t\t<ul class=\"slides\">\n\t\t\t\n\t\t\t\t\t\t\t\t\t\t\t\t\t\t<li><div  class=\"fusion-image-wrapper\" aria-haspopup=\"true\">\n\t\t\t\t<img decoding=\"async\" width=\"2002\" height=\"1150\" src=\"https:\/\/hedinn.is\/wp-content\/uploads\/2025\/10\/Halldor_Gudmundur_Edvard.png\" class=\"attachment-full size-full lazyload wp-post-image\" alt=\"\" srcset=\"data:image\/svg+xml,%3Csvg%20xmlns%3D%27http%3A%2F%2Fwww.w3.org%2F2000%2Fsvg%27%20width%3D%272002%27%20height%3D%271150%27%20viewBox%3D%270%200%202002%201150%27%3E%3Crect%20width%3D%272002%27%20height%3D%271150%27%20fill-opacity%3D%220%22%2F%3E%3C%2Fsvg%3E\" data-orig-src=\"https:\/\/hedinn.is\/wp-content\/uploads\/2025\/10\/Halldor_Gudmundur_Edvard.png\" data-srcset=\"https:\/\/hedinn.is\/wp-content\/uploads\/2025\/10\/Halldor_Gudmundur_Edvard-200x115.png 200w, https:\/\/hedinn.is\/wp-content\/uploads\/2025\/10\/Halldor_Gudmundur_Edvard-400x230.png 400w, https:\/\/hedinn.is\/wp-content\/uploads\/2025\/10\/Halldor_Gudmundur_Edvard-600x345.png 600w, https:\/\/hedinn.is\/wp-content\/uploads\/2025\/10\/Halldor_Gudmundur_Edvard-800x460.png 800w, https:\/\/hedinn.is\/wp-content\/uploads\/2025\/10\/Halldor_Gudmundur_Edvard-1200x689.png 1200w, https:\/\/hedinn.is\/wp-content\/uploads\/2025\/10\/Halldor_Gudmundur_Edvard.png 2002w\" data-sizes=\"auto\" \/><div class=\"fusion-rollover\">\n\t<div class=\"fusion-rollover-content\">\n\n\t\t\t\t\t\t\t\t\t\t\t\t\t\t<a class=\"fusion-rollover-link\" href=\"https:\/\/hedinn.is\/en\/breytingar-i-eigendahopi-hedins\/\">Breytingar \u00ed eigandah\u00f3pi H\u00e9\u00f0ins<\/a>\n\t\t\t\n\t\t\t\t\t\t\t\t\t\t\t\t\t\t\n\t\t\t\t\t\t\t\t\n\t\t\t\t\t\t\t\t\t\t\t\t\t<div class=\"fusion-rollover-sep\"><\/div>\n\t\t\t\t\n\t\t\t\t\t\t\t\t\t\t\t\t\t\t\t\t\t\t<a class=\"fusion-rollover-gallery\" href=\"https:\/\/hedinn.is\/wp-content\/uploads\/2025\/10\/Halldor_Gudmundur_Edvard.png\" data-id=\"5816\" data-rel=\"iLightbox[gallery]\" data-title=\"\" data-caption=\"Halld\u00f3r L\u00e1russon, Gu\u00f0mundur Sveinsson og E\u00f0var\u00f0 Ingi Bj\u00f6rgvinsson. Lj\u00f3smynd: Baldur Kristj\u00e1nsson\">\n\t\t\t\t\t\tGallery\t\t\t\t\t<\/a>\n\t\t\t\t\t\t\t\t\t\t\t\t\t\t\n\t\t\n\t\t\t\t\t\t\t\t\n\t\t\t\t\t\t\t\t\n\t\t\n\t\t\t\t\t\t<a class=\"fusion-link-wrapper\" href=\"https:\/\/hedinn.is\/en\/breytingar-i-eigendahopi-hedins\/\" aria-label=\"Breytingar \u00ed eigandah\u00f3pi H\u00e9\u00f0ins\"><\/a>\n\t<\/div>\n<\/div>\n<\/div>\n<\/li>\n\t\t\t\n\t\t\t\n\t\t\t\t\t\t\t\t\t\t\t\t\t\t\t\t\t\t\t\t\t\t\t\t\t\t\t\t\t\t\t\t\t\t\t\t\t\t\t\t\t\t\t\t\t\t\t\t\t\t\t\t\t\t\t\t\t\t\t\t\t\t\t\t\t\t\t\t<\/ul>\n\t<\/div>\n\t<div class=\"fusion-date-and-formats\"><div class=\"fusion-date-box updated\"><span class=\"fusion-date\">10<\/span><span class=\"fusion-month-year\">05, 2024<\/span><\/div><div class=\"fusion-format-box\"><i class=\"awb-icon-pen\" aria-hidden=\"true\"><\/i><\/div><\/div><div class=\"fusion-post-content post-content\"><h2 class=\"blog-shortcode-post-title\"><a href=\"https:\/\/hedinn.is\/en\/breytingar-i-eigendahopi-hedins\/\">Breytingar \u00ed eigandah\u00f3pi H\u00e9\u00f0ins<\/a><\/h2><div class=\"fusion-post-content-container\"><p> Breytingar \u00ed eigendah\u00f3pi H\u00e9\u00f0ins  H\u00e9\u00f0inn eignarhaldsf\u00e9lag ehf. hefur keypt 93 pr\u00f3sent hlut \u00ed H\u00e9\u00f0ni hf. \u00c1 bakvi\u00f0 kaupin standa Gu\u00f0mundur Sveinsson, fyrrverandi stj\u00f3rnarforma\u00f0ur og framkv\u00e6mdastj\u00f3ri H\u00e9\u00f0ins til \u00e1ratuga, sem \u00e1tti fyrir 24 pr\u00f3sent hlut \u00ed H\u00e9\u00f0ni, Halld\u00f3r L\u00e1russon n\u00faverandi stj\u00f3rnarforma\u00f0ur H\u00e9\u00f0ins, sem hefur seti\u00f0 \u00ed stj\u00f3rn f\u00e9lagsins s\u00ed\u00f0an 1994, og E\u00f0var\u00f0 Ingi Bj\u00f6rgvinsson, framkv\u00e6mdastj\u00f3ri H\u00e9\u00f0ins en hann hefur starfa\u00f0 hj\u00e1 fyrirt\u00e6kinu \u00ed sext\u00e1n \u00e1r. Seljendur eru RGI ehf. <a href=\"https:\/\/hedinn.is\/en\/breytingar-i-eigendahopi-hedins\/\">[...]<\/a><\/p><\/div><\/div><div class=\"fusion-clearfix\"><\/div><\/article>\n<article id=\"blog-1-post-5154\" class=\"fusion-post-large-alternate post-5154 post type-post status-publish format-standard has-post-thumbnail hentry category-hedinn\">\n\t<style type=\"text\/css\">\n\t\t\n\t\t\n\t\t\n\t\t\n\t\t\t<\/style>\n\n\n\t\t\t<div class=\"fusion-flexslider flexslider fusion-flexslider-loading fusion-post-slideshow\" style=\"\">\n\t\t<ul class=\"slides\">\n\t\t\t\n\t\t\t\t\t\t\t\t\t\t\t\t\t\t<li><div  class=\"fusion-image-wrapper\" aria-haspopup=\"true\">\n\t\t\t\t<img decoding=\"async\" width=\"2560\" height=\"1920\" src=\"https:\/\/hedinn.is\/wp-content\/uploads\/2023\/06\/20201022_175700-1-scaled.jpg\" class=\"attachment-full size-full lazyload wp-post-image\" alt=\"\" srcset=\"https:\/\/hedinn.is\/wp-content\/uploads\/2023\/06\/20201022_175700-1-200x150.jpg 200w, https:\/\/hedinn.is\/wp-content\/uploads\/2023\/06\/20201022_175700-1-300x225.jpg 300w, https:\/\/hedinn.is\/wp-content\/uploads\/2023\/06\/20201022_175700-1-400x300.jpg 400w, https:\/\/hedinn.is\/wp-content\/uploads\/2023\/06\/20201022_175700-1-600x450.jpg 600w, https:\/\/hedinn.is\/wp-content\/uploads\/2023\/06\/20201022_175700-1-768x576.jpg 768w, https:\/\/hedinn.is\/wp-content\/uploads\/2023\/06\/20201022_175700-1-800x600.jpg 800w, https:\/\/hedinn.is\/wp-content\/uploads\/2023\/06\/20201022_175700-1-1024x768.jpg 1024w, https:\/\/hedinn.is\/wp-content\/uploads\/2023\/06\/20201022_175700-1-1200x900.jpg 1200w, https:\/\/hedinn.is\/wp-content\/uploads\/2023\/06\/20201022_175700-1-1536x1152.jpg 1536w, https:\/\/hedinn.is\/wp-content\/uploads\/2023\/06\/20201022_175700-1-scaled.jpg 2560w\" data-orig-src=\"https:\/\/hedinn.is\/wp-content\/uploads\/2023\/06\/20201022_175700-1-scaled.jpg\" data-srcset=\"https:\/\/hedinn.is\/wp-content\/uploads\/2023\/06\/20201022_175700-1-200x150.jpg 200w, https:\/\/hedinn.is\/wp-content\/uploads\/2023\/06\/20201022_175700-1-300x225.jpg 300w, https:\/\/hedinn.is\/wp-content\/uploads\/2023\/06\/20201022_175700-1-400x300.jpg 400w, https:\/\/hedinn.is\/wp-content\/uploads\/2023\/06\/20201022_175700-1-600x450.jpg 600w, https:\/\/hedinn.is\/wp-content\/uploads\/2023\/06\/20201022_175700-1-768x576.jpg 768w, https:\/\/hedinn.is\/wp-content\/uploads\/2023\/06\/20201022_175700-1-800x600.jpg 800w, https:\/\/hedinn.is\/wp-content\/uploads\/2023\/06\/20201022_175700-1-1024x768.jpg 1024w, https:\/\/hedinn.is\/wp-content\/uploads\/2023\/06\/20201022_175700-1-1200x900.jpg 1200w, https:\/\/hedinn.is\/wp-content\/uploads\/2023\/06\/20201022_175700-1-1536x1152.jpg 1536w, https:\/\/hedinn.is\/wp-content\/uploads\/2023\/06\/20201022_175700-1-scaled.jpg 2560w\" data-sizes=\"auto\" \/><div class=\"fusion-rollover\">\n\t<div class=\"fusion-rollover-content\">\n\n\t\t\t\t\t\t\t\t\t\t\t\t\t\t<a class=\"fusion-rollover-link\" href=\"https:\/\/hedinn.is\/en\/hedinn-hannar-fyrir-havsbrun-i-faereyjum\/\">H\u00e9\u00f0inn designs for Havsbr\u00fan in the Faroe Islands<\/a>\n\t\t\t\n\t\t\t\t\t\t\t\t\t\t\t\t\t\t\n\t\t\t\t\t\t\t\t\n\t\t\t\t\t\t\t\t\t\t\t\t\t<div class=\"fusion-rollover-sep\"><\/div>\n\t\t\t\t\n\t\t\t\t\t\t\t\t\t\t\t\t\t\t\t\t\t\t<a class=\"fusion-rollover-gallery\" href=\"https:\/\/hedinn.is\/wp-content\/uploads\/2023\/06\/20201022_175700-1-scaled.jpg\" data-id=\"5154\" data-rel=\"iLightbox[gallery]\" data-title=\"\" data-caption=\"B\u00e6rinn Fuglafj\u00f6r\u00f0ur stendur vi\u00f0 samnefndan fj\u00f6r\u00f0 \u00e1 Eysturoy sem er n\u00e6stst\u00e6rsta og n\u00e6stfj\u00f6lmennasta eyjan af \u00feeim \u00e1tj\u00e1n sem mynda F\u00e6reyjar. Lj\u00f3smynd: H\u00e9\u00f0inn\">\n\t\t\t\t\t\tGallery\t\t\t\t\t<\/a>\n\t\t\t\t\t\t\t\t\t\t\t\t\t\t\n\t\t\n\t\t\t\t\t\t\t\t\n\t\t\t\t\t\t\t\t\n\t\t\n\t\t\t\t\t\t<a class=\"fusion-link-wrapper\" href=\"https:\/\/hedinn.is\/en\/hedinn-hannar-fyrir-havsbrun-i-faereyjum\/\" aria-label=\"H\u00e9\u00f0inn designs for Havsbr\u00fan in the Faroe Islands\"><\/a>\n\t<\/div>\n<\/div>\n<\/div>\n<\/li>\n\t\t\t\n\t\t\t\n\t\t\t\t\t\t\t\t\t\t\t\t\t\t\t\t\t\t\t\t\t\t\t\t\t\t\t\t\t\t\t\t\t\t\t\t\t\t\t\t\t\t\t\t\t\t\t\t\t\t\t\t\t\t\t\t\t\t\t\t\t\t\t\t\t\t\t\t<\/ul>\n\t<\/div>\n\t<div class=\"fusion-date-and-formats\"><div class=\"fusion-date-box updated\"><span class=\"fusion-date\">14<\/span><span class=\"fusion-month-year\">06, 2023<\/span><\/div><div class=\"fusion-format-box\"><i class=\"awb-icon-pen\" aria-hidden=\"true\"><\/i><\/div><\/div><div class=\"fusion-post-content post-content\"><h2 class=\"blog-shortcode-post-title\"><a href=\"https:\/\/hedinn.is\/en\/hedinn-hannar-fyrir-havsbrun-i-faereyjum\/\">H\u00e9\u00f0inn designs for Havsbr\u00fan in the Faroe Islands<\/a><\/h2><div class=\"fusion-post-content-container\"><p> H\u00e9\u00f0inn designs for Havsbr\u00fan in the Faroe Islands H\u00e9\u00f0inn has reached an agreement with Havsbr\u00fan in the Faroe Islands for extensive additions to the company\u2019s fishmeal factory in Fuglafj\u00f8r\u00f0ur, on the east coast of Eysturoy. H\u00e9\u00f0inn is responsible for the design of mixing and storage silos along with conveying equipment, as well as the design of concrete foundations for the silos. Havsbr\u00fan is a subsidiary of Bakkafrost, one of the world\u2019s largest producers of farmed salmon and the largest company in the Faroe Islands. H\u00e9\u00f0inn will design eight silos, each 10 meters in diameter <a href=\"https:\/\/hedinn.is\/en\/hedinn-hannar-fyrir-havsbrun-i-faereyjum\/\">[...]<\/a><\/p><\/div><\/div><div class=\"fusion-clearfix\"><\/div><\/article>\n<article id=\"blog-1-post-5107\" class=\"fusion-post-large-alternate post-5107 post type-post status-publish format-standard has-post-thumbnail hentry category-hedinn\">\n\t<style type=\"text\/css\">\n\t\t\n\t\t\n\t\t\n\t\t\n\t\t\t<\/style>\n\n\n\t\t\t<div class=\"fusion-flexslider flexslider fusion-flexslider-loading fusion-post-slideshow\" style=\"\">\n\t\t<ul class=\"slides\">\n\t\t\t\n\t\t\t\t\t\t\t\t\t\t\t\t\t\t<li><div  class=\"fusion-image-wrapper\" aria-haspopup=\"true\">\n\t\t\t\t<img decoding=\"async\" width=\"1370\" height=\"914\" src=\"https:\/\/hedinn.is\/wp-content\/uploads\/2023\/06\/Hverahlid_2.png\" class=\"attachment-full size-full lazyload wp-post-image\" alt=\"\" srcset=\"https:\/\/hedinn.is\/wp-content\/uploads\/2023\/06\/Hverahlid_2-200x133.png 200w, https:\/\/hedinn.is\/wp-content\/uploads\/2023\/06\/Hverahlid_2-300x200.png 300w, https:\/\/hedinn.is\/wp-content\/uploads\/2023\/06\/Hverahlid_2-400x267.png 400w, https:\/\/hedinn.is\/wp-content\/uploads\/2023\/06\/Hverahlid_2-600x400.png 600w, https:\/\/hedinn.is\/wp-content\/uploads\/2023\/06\/Hverahlid_2-768x512.png 768w, https:\/\/hedinn.is\/wp-content\/uploads\/2023\/06\/Hverahlid_2-800x534.png 800w, https:\/\/hedinn.is\/wp-content\/uploads\/2023\/06\/Hverahlid_2-1024x683.png 1024w, https:\/\/hedinn.is\/wp-content\/uploads\/2023\/06\/Hverahlid_2-1200x801.png 1200w, https:\/\/hedinn.is\/wp-content\/uploads\/2023\/06\/Hverahlid_2.png 1370w\" data-orig-src=\"https:\/\/hedinn.is\/wp-content\/uploads\/2023\/06\/Hverahlid_2.png\" data-srcset=\"https:\/\/hedinn.is\/wp-content\/uploads\/2023\/06\/Hverahlid_2-200x133.png 200w, https:\/\/hedinn.is\/wp-content\/uploads\/2023\/06\/Hverahlid_2-300x200.png 300w, https:\/\/hedinn.is\/wp-content\/uploads\/2023\/06\/Hverahlid_2-400x267.png 400w, https:\/\/hedinn.is\/wp-content\/uploads\/2023\/06\/Hverahlid_2-600x400.png 600w, https:\/\/hedinn.is\/wp-content\/uploads\/2023\/06\/Hverahlid_2-768x512.png 768w, https:\/\/hedinn.is\/wp-content\/uploads\/2023\/06\/Hverahlid_2-800x534.png 800w, https:\/\/hedinn.is\/wp-content\/uploads\/2023\/06\/Hverahlid_2-1024x683.png 1024w, https:\/\/hedinn.is\/wp-content\/uploads\/2023\/06\/Hverahlid_2-1200x801.png 1200w, https:\/\/hedinn.is\/wp-content\/uploads\/2023\/06\/Hverahlid_2.png 1370w\" data-sizes=\"auto\" \/><div class=\"fusion-rollover\">\n\t<div class=\"fusion-rollover-content\">\n\n\t\t\t\t\t\t\t\t\t\t\t\t\t\t<a class=\"fusion-rollover-link\" href=\"https:\/\/hedinn.is\/en\/hedinn-leggur-nyja-45-km-flutningsaed-til-ad-auka-rafmagns-og-hitaveituframleidslu-hellisheidarvirkjunar\/\">H\u00e9\u00f0inn laying a new 4.5\u202fkm transmission pipeline to increase electrical and district\u2011heating production at the Hellishei\u00f0i Power Plant.<\/a>\n\t\t\t\n\t\t\t\t\t\t\t\t\t\t\t\t\t\t\n\t\t\t\t\t\t\t\t\n\t\t\t\t\t\t\t\t\t\t\t\t\t<div class=\"fusion-rollover-sep\"><\/div>\n\t\t\t\t\n\t\t\t\t\t\t\t\t\t\t\t\t\t\t\t\t\t\t<a class=\"fusion-rollover-gallery\" href=\"https:\/\/hedinn.is\/wp-content\/uploads\/2023\/06\/Hverahlid_2.png\" data-id=\"5107\" data-rel=\"iLightbox[gallery]\" data-title=\"\" data-caption=\"N\u00faverandi flutningslagnir \u00fear sem \u00fe\u00e6r liggja til nor\u00f0urs \u00ed steyptan stokk undir Su\u00f0urlandsveg. N\u00fdja l\u00f6gnin ver\u00f0ur l\u00f6g\u00f0 vestan vi\u00f0 \u00fe\u00e6r \u00ed sama stokk (hv\u00edtskyggt sv\u00e6\u00f0i). Mynd: ON\/Mannvit\">\n\t\t\t\t\t\tGallery\t\t\t\t\t<\/a>\n\t\t\t\t\t\t\t\t\t\t\t\t\t\t\n\t\t\n\t\t\t\t\t\t\t\t\n\t\t\t\t\t\t\t\t\n\t\t\n\t\t\t\t\t\t<a class=\"fusion-link-wrapper\" href=\"https:\/\/hedinn.is\/en\/hedinn-leggur-nyja-45-km-flutningsaed-til-ad-auka-rafmagns-og-hitaveituframleidslu-hellisheidarvirkjunar\/\" aria-label=\"H\u00e9\u00f0inn laying a new 4.5\u202fkm transmission pipeline to increase electrical and district\u2011heating production at the Hellishei\u00f0i Power Plant.\"><\/a>\n\t<\/div>\n<\/div>\n<\/div>\n<\/li>\n\t\t\t\n\t\t\t\n\t\t\t\t\t\t\t\t\t\t\t\t\t\t\t\t\t\t\t\t\t\t\t\t\t\t\t\t\t\t\t\t\t\t\t\t\t\t\t\t\t\t\t\t\t\t\t\t\t\t\t\t\t\t\t\t\t\t\t\t\t\t\t\t\t\t\t\t<\/ul>\n\t<\/div>\n\t<div class=\"fusion-date-and-formats\"><div class=\"fusion-date-box updated\"><span class=\"fusion-date\">14<\/span><span class=\"fusion-month-year\">06, 2023<\/span><\/div><div class=\"fusion-format-box\"><i class=\"awb-icon-pen\" aria-hidden=\"true\"><\/i><\/div><\/div><div class=\"fusion-post-content post-content\"><h2 class=\"blog-shortcode-post-title\"><a href=\"https:\/\/hedinn.is\/en\/hedinn-leggur-nyja-45-km-flutningsaed-til-ad-auka-rafmagns-og-hitaveituframleidslu-hellisheidarvirkjunar\/\">H\u00e9\u00f0inn laying a new 4.5\u202fkm transmission pipeline to increase electrical and district\u2011heating production at the Hellishei\u00f0i Power Plant.<\/a><\/h2><div class=\"fusion-post-content-container\"><p> H\u00e9\u00f0inn laying a new 4.5 km transmission pipeline to increase electrical and district-heating production at the Hellishei\u00f0i Power Plant. Construction has begun on a new 4,450-meter transmission pipeline for steam from Hverahl\u00ed\u00f0 to the Hellishei\u00f0i Power Plant in the Municipality of \u00d6lfus.\n\nThe objective is to utilize existing boreholes at Hverahl\u00ed\u00f0 to supply additional steam and separated water for electricity generation and district heating at the Hellishei\u00f0i plant. At the same time, provisions are being made for the possibility of connecting future boreholes that will be drilled later. <a href=\"https:\/\/hedinn.is\/en\/hedinn-leggur-nyja-45-km-flutningsaed-til-ad-auka-rafmagns-og-hitaveituframleidslu-hellisheidarvirkjunar\/\">[...]<\/a><\/p><\/div><\/div><div class=\"fusion-clearfix\"><\/div><\/article>\n<article id=\"blog-1-post-5091\" class=\"fusion-post-large-alternate post-5091 post type-post status-publish format-standard has-post-thumbnail hentry category-hedinn\">\n\t<style type=\"text\/css\">\n\t\t\n\t\t\n\t\t\n\t\t\n\t\t\t<\/style>\n\n\n\t\t\t<div class=\"fusion-flexslider flexslider fusion-flexslider-loading fusion-post-slideshow\" style=\"\">\n\t\t<ul class=\"slides\">\n\t\t\t\n\t\t\t\t\t\t\t\t\t\t\t\t\t\t<li><div  class=\"fusion-image-wrapper\" aria-haspopup=\"true\">\n\t\t\t\t<img decoding=\"async\" width=\"2560\" height=\"1707\" src=\"https:\/\/hedinn.is\/wp-content\/uploads\/2023\/06\/Hedinn2023_BK212930-scaled.jpg\" class=\"attachment-full size-full lazyload wp-post-image\" alt=\"\" srcset=\"https:\/\/hedinn.is\/wp-content\/uploads\/2023\/06\/Hedinn2023_BK212930-200x133.jpg 200w, https:\/\/hedinn.is\/wp-content\/uploads\/2023\/06\/Hedinn2023_BK212930-300x200.jpg 300w, https:\/\/hedinn.is\/wp-content\/uploads\/2023\/06\/Hedinn2023_BK212930-400x267.jpg 400w, https:\/\/hedinn.is\/wp-content\/uploads\/2023\/06\/Hedinn2023_BK212930-600x400.jpg 600w, https:\/\/hedinn.is\/wp-content\/uploads\/2023\/06\/Hedinn2023_BK212930-768x512.jpg 768w, https:\/\/hedinn.is\/wp-content\/uploads\/2023\/06\/Hedinn2023_BK212930-800x534.jpg 800w, https:\/\/hedinn.is\/wp-content\/uploads\/2023\/06\/Hedinn2023_BK212930-1024x683.jpg 1024w, https:\/\/hedinn.is\/wp-content\/uploads\/2023\/06\/Hedinn2023_BK212930-1200x800.jpg 1200w, https:\/\/hedinn.is\/wp-content\/uploads\/2023\/06\/Hedinn2023_BK212930-1536x1024.jpg 1536w, https:\/\/hedinn.is\/wp-content\/uploads\/2023\/06\/Hedinn2023_BK212930-scaled.jpg 2560w\" data-orig-src=\"https:\/\/hedinn.is\/wp-content\/uploads\/2023\/06\/Hedinn2023_BK212930-scaled.jpg\" data-srcset=\"https:\/\/hedinn.is\/wp-content\/uploads\/2023\/06\/Hedinn2023_BK212930-200x133.jpg 200w, https:\/\/hedinn.is\/wp-content\/uploads\/2023\/06\/Hedinn2023_BK212930-300x200.jpg 300w, https:\/\/hedinn.is\/wp-content\/uploads\/2023\/06\/Hedinn2023_BK212930-400x267.jpg 400w, https:\/\/hedinn.is\/wp-content\/uploads\/2023\/06\/Hedinn2023_BK212930-600x400.jpg 600w, https:\/\/hedinn.is\/wp-content\/uploads\/2023\/06\/Hedinn2023_BK212930-768x512.jpg 768w, https:\/\/hedinn.is\/wp-content\/uploads\/2023\/06\/Hedinn2023_BK212930-800x534.jpg 800w, https:\/\/hedinn.is\/wp-content\/uploads\/2023\/06\/Hedinn2023_BK212930-1024x683.jpg 1024w, https:\/\/hedinn.is\/wp-content\/uploads\/2023\/06\/Hedinn2023_BK212930-1200x800.jpg 1200w, https:\/\/hedinn.is\/wp-content\/uploads\/2023\/06\/Hedinn2023_BK212930-1536x1024.jpg 1536w, https:\/\/hedinn.is\/wp-content\/uploads\/2023\/06\/Hedinn2023_BK212930-scaled.jpg 2560w\" data-sizes=\"auto\" \/><div class=\"fusion-rollover\">\n\t<div class=\"fusion-rollover-content\">\n\n\t\t\t\t\t\t\t\t\t\t\t\t\t\t<a class=\"fusion-rollover-link\" href=\"https:\/\/hedinn.is\/en\/norski-sendiherrann-i-heimsokn-vid-gjahellu\/\">The Norwegian ambassador visits Gj\u00e1hella<\/a>\n\t\t\t\n\t\t\t\t\t\t\t\t\t\t\t\t\t\t\n\t\t\t\t\t\t\t\t\n\t\t\t\t\t\t\t\t\t\t\t\t\t<div class=\"fusion-rollover-sep\"><\/div>\n\t\t\t\t\n\t\t\t\t\t\t\t\t\t\t\t\t\t\t\t\t\t\t<a class=\"fusion-rollover-gallery\" href=\"https:\/\/hedinn.is\/wp-content\/uploads\/2023\/06\/Hedinn2023_BK212930-scaled.jpg\" data-id=\"5091\" data-rel=\"iLightbox[gallery]\" data-title=\"Hedinn2023_BK212930\" data-caption=\"\">\n\t\t\t\t\t\tGallery\t\t\t\t\t<\/a>\n\t\t\t\t\t\t\t\t\t\t\t\t\t\t\n\t\t\n\t\t\t\t\t\t\t\t\n\t\t\t\t\t\t\t\t\n\t\t\n\t\t\t\t\t\t<a class=\"fusion-link-wrapper\" href=\"https:\/\/hedinn.is\/en\/norski-sendiherrann-i-heimsokn-vid-gjahellu\/\" aria-label=\"The Norwegian ambassador visits Gj\u00e1hella\"><\/a>\n\t<\/div>\n<\/div>\n<\/div>\n<\/li>\n\t\t\t\n\t\t\t\n\t\t\t\t\t\t\t\t\t\t\t\n\t\t\t\t\t\n\t\t\t\t\t\t\t\t\t\t\t<li>\n\t\t\t\t\t\t\t<div class=\"fusion-image-wrapper\">\n\t\t\t\t\t\t\t\t<a href=\"https:\/\/hedinn.is\/en\/norski-sendiherrann-i-heimsokn-vid-gjahellu\/\" aria-label=\"The Norwegian ambassador visits Gj\u00e1hella\">\n\t\t\t\t\t\t\t\t\t<img decoding=\"async\" width=\"2560\" height=\"1707\" src=\"https:\/\/hedinn.is\/wp-content\/uploads\/2023\/06\/Hedinn2023_BK212930-scaled.jpg\" data-orig-src=\"https:\/\/hedinn.is\/wp-content\/uploads\/2023\/06\/Hedinn2023_BK212930-scaled.jpg\" alt=\"\" class=\"lazyload wp-image-5094\" role=\"presentation\" srcset=\"https:\/\/hedinn.is\/wp-content\/uploads\/2023\/06\/Hedinn2023_BK212930-200x133.jpg 200w, https:\/\/hedinn.is\/wp-content\/uploads\/2023\/06\/Hedinn2023_BK212930-300x200.jpg 300w, https:\/\/hedinn.is\/wp-content\/uploads\/2023\/06\/Hedinn2023_BK212930-400x267.jpg 400w, https:\/\/hedinn.is\/wp-content\/uploads\/2023\/06\/Hedinn2023_BK212930-600x400.jpg 600w, https:\/\/hedinn.is\/wp-content\/uploads\/2023\/06\/Hedinn2023_BK212930-768x512.jpg 768w, https:\/\/hedinn.is\/wp-content\/uploads\/2023\/06\/Hedinn2023_BK212930-800x534.jpg 800w, https:\/\/hedinn.is\/wp-content\/uploads\/2023\/06\/Hedinn2023_BK212930-1024x683.jpg 1024w, https:\/\/hedinn.is\/wp-content\/uploads\/2023\/06\/Hedinn2023_BK212930-1200x800.jpg 1200w, https:\/\/hedinn.is\/wp-content\/uploads\/2023\/06\/Hedinn2023_BK212930-1536x1024.jpg 1536w, https:\/\/hedinn.is\/wp-content\/uploads\/2023\/06\/Hedinn2023_BK212930-scaled.jpg 2560w\" data-srcset=\"https:\/\/hedinn.is\/wp-content\/uploads\/2023\/06\/Hedinn2023_BK212930-200x133.jpg 200w, https:\/\/hedinn.is\/wp-content\/uploads\/2023\/06\/Hedinn2023_BK212930-300x200.jpg 300w, https:\/\/hedinn.is\/wp-content\/uploads\/2023\/06\/Hedinn2023_BK212930-400x267.jpg 400w, https:\/\/hedinn.is\/wp-content\/uploads\/2023\/06\/Hedinn2023_BK212930-600x400.jpg 600w, https:\/\/hedinn.is\/wp-content\/uploads\/2023\/06\/Hedinn2023_BK212930-768x512.jpg 768w, https:\/\/hedinn.is\/wp-content\/uploads\/2023\/06\/Hedinn2023_BK212930-800x534.jpg 800w, https:\/\/hedinn.is\/wp-content\/uploads\/2023\/06\/Hedinn2023_BK212930-1024x683.jpg 1024w, https:\/\/hedinn.is\/wp-content\/uploads\/2023\/06\/Hedinn2023_BK212930-1200x800.jpg 1200w, https:\/\/hedinn.is\/wp-content\/uploads\/2023\/06\/Hedinn2023_BK212930-1536x1024.jpg 1536w, https:\/\/hedinn.is\/wp-content\/uploads\/2023\/06\/Hedinn2023_BK212930-scaled.jpg 2560w\" data-sizes=\"auto\" data-orig-sizes=\"(max-width: 1024px) 100vw, (max-width: 640px) 100vw, 800px\" \/>\t\t\t\t\t\t\t\t<\/a>\n\t\t\t\t\t\t\t\t<a style=\"display:none;\" href=\"https:\/\/hedinn.is\/wp-content\/uploads\/2023\/06\/Hedinn2023_BK212930-scaled.jpg\" data-rel=\"iLightbox[gallery5091]\"  title=\"\" data-title=\"Hedinn2023_BK212930\" data-caption=\"\">\n\t\t\t\t\t\t\t\t\t\t\t\t\t\t\t\t\t<\/a>\n\t\t\t\t\t\t\t<\/div>\n\t\t\t\t\t\t<\/li>\n\t\t\t\t\t\t\t\t\t\t\t\t\t\t\t\t\t\t\t\t\t\t\t\t\t\t\t\t\t\t\t\t\t\t\t\t\t\t\t\t\t\t\t\t\t\t\t\t\t\t\t\t\t\t\t\t\t\t\t\t\t\t\t\t\t\t<\/ul>\n\t<\/div>\n\t<div class=\"fusion-date-and-formats\"><div class=\"fusion-date-box updated\"><span class=\"fusion-date\">14<\/span><span class=\"fusion-month-year\">06, 2023<\/span><\/div><div class=\"fusion-format-box\"><i class=\"awb-icon-pen\" aria-hidden=\"true\"><\/i><\/div><\/div><div class=\"fusion-post-content post-content\"><h2 class=\"blog-shortcode-post-title\"><a href=\"https:\/\/hedinn.is\/en\/norski-sendiherrann-i-heimsokn-vid-gjahellu\/\">The Norwegian ambassador visits Gj\u00e1hella<\/a><\/h2><div class=\"fusion-post-content-container\"><p> The Norwegian Ambassador to Iceland, Aud Lise Norheim, recently visited us and toured the operations at Gj\u00e1hella. R\u00f6gnvaldur Einarsson, CEO of H\u00e9\u00f0inn, and E\u00f0var\u00f0 Ingi Bj\u00f6rgvinsson, Deputy CEO of H\u00e9\u00f0inn, guided the Ambassador through the workshops. For many years, H\u00e9\u00f0inn has had significant operations in the Norwegian feed and fishmeal industry. The company has manufactured and raised tanks and silos in Norway, as well as managed the transport of <a href=\"https:\/\/hedinn.is\/en\/norski-sendiherrann-i-heimsokn-vid-gjahellu\/\">[...]<\/a><\/p><\/div><\/div><div class=\"fusion-clearfix\"><\/div><\/article>\n<article id=\"blog-1-post-5048\" class=\"fusion-post-large-alternate post-5048 post type-post status-publish format-standard has-post-thumbnail hentry category-hedinn\">\n\t<style type=\"text\/css\">\n\t\t\n\t\t\n\t\t\n\t\t\n\t\t\t<\/style>\n\n\n\t\t\t<div class=\"fusion-flexslider flexslider fusion-flexslider-loading fusion-post-slideshow\" style=\"\">\n\t\t<ul class=\"slides\">\n\t\t\t\n\t\t\t\t\t\t\t\t\t\t\t\t\t\t<li><div  class=\"fusion-image-wrapper\" aria-haspopup=\"true\">\n\t\t\t\t<img decoding=\"async\" width=\"2560\" height=\"1920\" src=\"https:\/\/hedinn.is\/wp-content\/uploads\/2023\/05\/DJI_0227-1-2-scaled.jpg\" class=\"attachment-full size-full lazyload wp-post-image\" alt=\"\" srcset=\"data:image\/svg+xml,%3Csvg%20xmlns%3D%27http%3A%2F%2Fwww.w3.org%2F2000%2Fsvg%27%20width%3D%272560%27%20height%3D%271920%27%20viewBox%3D%270%200%202560%201920%27%3E%3Crect%20width%3D%272560%27%20height%3D%271920%27%20fill-opacity%3D%220%22%2F%3E%3C%2Fsvg%3E\" data-orig-src=\"https:\/\/hedinn.is\/wp-content\/uploads\/2023\/05\/DJI_0227-1-2-scaled.jpg\" data-srcset=\"https:\/\/hedinn.is\/wp-content\/uploads\/2023\/05\/DJI_0227-1-2-200x150.jpg 200w, https:\/\/hedinn.is\/wp-content\/uploads\/2023\/05\/DJI_0227-1-2-400x300.jpg 400w, https:\/\/hedinn.is\/wp-content\/uploads\/2023\/05\/DJI_0227-1-2-600x450.jpg 600w, https:\/\/hedinn.is\/wp-content\/uploads\/2023\/05\/DJI_0227-1-2-800x600.jpg 800w, https:\/\/hedinn.is\/wp-content\/uploads\/2023\/05\/DJI_0227-1-2-1200x900.jpg 1200w, https:\/\/hedinn.is\/wp-content\/uploads\/2023\/05\/DJI_0227-1-2-scaled.jpg 2560w\" data-sizes=\"auto\" \/><div class=\"fusion-rollover\">\n\t<div class=\"fusion-rollover-content\">\n\n\t\t\t\t\t\t\t\t\t\t\t\t\t\t<a class=\"fusion-rollover-link\" href=\"https:\/\/hedinn.is\/en\/tankar-felldir-og-fluttir-sjoleidis-i-noregi\/\">Tanks dismantled and transported by sea in Norway<\/a>\n\t\t\t\n\t\t\t\t\t\t\t\t\t\t\t\t\t\t\n\t\t\t\t\t\t\t\t\n\t\t\t\t\t\t\t\t\t\t\t\t\t<div class=\"fusion-rollover-sep\"><\/div>\n\t\t\t\t\n\t\t\t\t\t\t\t\t\t\t\t\t\t\t\t\t\t\t<a class=\"fusion-rollover-gallery\" href=\"https:\/\/hedinn.is\/wp-content\/uploads\/2023\/05\/DJI_0227-1-2-scaled.jpg\" data-id=\"5048\" data-rel=\"iLightbox[gallery]\" data-title=\"\" data-caption=\"Fr\u00e1 verksta\u00f0 vi\u00f0 Egersund \u00e1 su\u00f0vestur-str\u00f6nd Noregs.Lj\u00f3smyndina t\u00f3k Live Spurkland \u00ed j\u00fan\u00ed 2022.\">\n\t\t\t\t\t\tGallery\t\t\t\t\t<\/a>\n\t\t\t\t\t\t\t\t\t\t\t\t\t\t\n\t\t\n\t\t\t\t\t\t\t\t\n\t\t\t\t\t\t\t\t\n\t\t\n\t\t\t\t\t\t<a class=\"fusion-link-wrapper\" href=\"https:\/\/hedinn.is\/en\/tankar-felldir-og-fluttir-sjoleidis-i-noregi\/\" aria-label=\"Tanks dismantled and transported by sea in Norway\"><\/a>\n\t<\/div>\n<\/div>\n<\/div>\n<\/li>\n\t\t\t\n\t\t\t\n\t\t\t\t\t\t\t\t\t\t\t\t\t\t\t\t\t\t\t\t\t\t\t\t\t\t\t\t\t\t\t\t\t\t\t\t\t\t\t\t\t\t\t\t\t\t\t\t\t\t\t\t\t\t\t\t\t\t\t\t\t\t\t\t\t\t\t\t<\/ul>\n\t<\/div>\n\t<div class=\"fusion-date-and-formats\"><div class=\"fusion-date-box updated\"><span class=\"fusion-date\">12<\/span><span class=\"fusion-month-year\">06, 2023<\/span><\/div><div class=\"fusion-format-box\"><i class=\"awb-icon-pen\" aria-hidden=\"true\"><\/i><\/div><\/div><div class=\"fusion-post-content post-content\"><h2 class=\"blog-shortcode-post-title\"><a href=\"https:\/\/hedinn.is\/en\/tankar-felldir-og-fluttir-sjoleidis-i-noregi\/\">Tanks dismantled and transported by sea in Norway<\/a><\/h2><div class=\"fusion-post-content-container\"><p> Tanks dismantled and transported by sea in Norway In the summer of 2022, H\u00e9\u00f0inn undertook the task of dismantling and transporting meal silos in Gr\u00f8nehaugen, near Egersund on the southwest coast of Norway. Each silo weighed 80 tons, stood 30 meters tall, and had a diameter of 7.6 meters. They were transported on a barge across the fjord to Ryttervik, where they were converted into fish oil tanks. Large storage tanks have been on H\u00e9\u00f0inn\u2019s project list ever since the company\u2019s early years. <a href=\"https:\/\/hedinn.is\/en\/tankar-felldir-og-fluttir-sjoleidis-i-noregi\/\">[...]<\/a><\/p><\/div><\/div><div class=\"fusion-clearfix\"><\/div><\/article>\n<article id=\"blog-1-post-5039\" class=\"fusion-post-large-alternate post-5039 post type-post status-publish format-standard has-post-thumbnail hentry category-hedinn\">\n\t<style type=\"text\/css\">\n\t\t\n\t\t\n\t\t\n\t\t\n\t\t\t<\/style>\n\n\n\t\t\t<div class=\"fusion-flexslider flexslider fusion-flexslider-loading fusion-post-slideshow\" style=\"\">\n\t\t<ul class=\"slides\">\n\t\t\t\n\t\t\t\t\t\t\t\t\t\t\t\t\t\t<li><div  class=\"fusion-image-wrapper\" aria-haspopup=\"true\">\n\t\t\t\t<img decoding=\"async\" width=\"2048\" height=\"2560\" src=\"https:\/\/hedinn.is\/wp-content\/uploads\/2023\/05\/20230117_113012-1-scaled.jpg\" class=\"attachment-full size-full lazyload wp-post-image\" alt=\"\" srcset=\"data:image\/svg+xml,%3Csvg%20xmlns%3D%27http%3A%2F%2Fwww.w3.org%2F2000%2Fsvg%27%20width%3D%272048%27%20height%3D%272560%27%20viewBox%3D%270%200%202048%202560%27%3E%3Crect%20width%3D%272048%27%20height%3D%272560%27%20fill-opacity%3D%220%22%2F%3E%3C%2Fsvg%3E\" data-orig-src=\"https:\/\/hedinn.is\/wp-content\/uploads\/2023\/05\/20230117_113012-1-scaled.jpg\" data-srcset=\"https:\/\/hedinn.is\/wp-content\/uploads\/2023\/05\/20230117_113012-1-200x250.jpg 200w, https:\/\/hedinn.is\/wp-content\/uploads\/2023\/05\/20230117_113012-1-400x500.jpg 400w, https:\/\/hedinn.is\/wp-content\/uploads\/2023\/05\/20230117_113012-1-600x750.jpg 600w, https:\/\/hedinn.is\/wp-content\/uploads\/2023\/05\/20230117_113012-1-800x1000.jpg 800w, https:\/\/hedinn.is\/wp-content\/uploads\/2023\/05\/20230117_113012-1-1200x1500.jpg 1200w, https:\/\/hedinn.is\/wp-content\/uploads\/2023\/05\/20230117_113012-1-scaled.jpg 2048w\" data-sizes=\"auto\" \/><div class=\"fusion-rollover\">\n\t<div class=\"fusion-rollover-content\">\n\n\t\t\t\t\t\t\t\t\t\t\t\t\t\t<a class=\"fusion-rollover-link\" href=\"https:\/\/hedinn.is\/en\/t-drill-vel-sem-gatar-rydfri-ror-og-dregur-stuta-ut-ur-theim\/\">A T-Drill machine that punches holes in stainless steel pipes and pulls outlets from them.<\/a>\n\t\t\t\n\t\t\t\t\t\t\t\t\t\t\t\t\t\t\n\t\t\t\t\t\t\t\t\n\t\t\t\t\t\t\t\t\t\t\t\t\t<div class=\"fusion-rollover-sep\"><\/div>\n\t\t\t\t\n\t\t\t\t\t\t\t\t\t\t\t\t\t\t\t\t\t\t<a class=\"fusion-rollover-gallery\" href=\"https:\/\/hedinn.is\/wp-content\/uploads\/2023\/05\/20230117_113012-1-scaled.jpg\" data-id=\"5039\" data-rel=\"iLightbox[gallery]\" data-title=\"\" data-caption=\"Fr\u00e1 uppsetningu v\u00e9larinnar \u00ed h\u00fasakynnum H\u00e9\u00f0ins vi\u00f0 Gj\u00e1hellu \u00ed Gar\u00f0ab\u00e6. Lj\u00f3smynd\/H\u00e9\u00f0inn\">\n\t\t\t\t\t\tGallery\t\t\t\t\t<\/a>\n\t\t\t\t\t\t\t\t\t\t\t\t\t\t\n\t\t\n\t\t\t\t\t\t\t\t\n\t\t\t\t\t\t\t\t\n\t\t\n\t\t\t\t\t\t<a class=\"fusion-link-wrapper\" href=\"https:\/\/hedinn.is\/en\/t-drill-vel-sem-gatar-rydfri-ror-og-dregur-stuta-ut-ur-theim\/\" aria-label=\"A T-Drill machine that punches holes in stainless steel pipes and pulls outlets from them.\"><\/a>\n\t<\/div>\n<\/div>\n<\/div>\n<\/li>\n\t\t\t\n\t\t\t\n\t\t\t\t\t\t\t\t\t\t\t\t\t\t\t\t\t\t\t\t\t\t\t\t\t\t\t\t\t\t\t\t\t\t\t\t\t\t\t\t\t\t\t\t\t\t\t\t\t\t\t\t\t\t\t\t\t\t\t\t\t\t\t\t\t\t\t\t<\/ul>\n\t<\/div>\n\t<div class=\"fusion-date-and-formats\"><div class=\"fusion-date-box updated\"><span class=\"fusion-date\">1<\/span><span class=\"fusion-month-year\">02, 2023<\/span><\/div><div class=\"fusion-format-box\"><i class=\"awb-icon-pen\" aria-hidden=\"true\"><\/i><\/div><\/div><div class=\"fusion-post-content post-content\"><h2 class=\"blog-shortcode-post-title\"><a href=\"https:\/\/hedinn.is\/en\/t-drill-vel-sem-gatar-rydfri-ror-og-dregur-stuta-ut-ur-theim\/\">A T-Drill machine that punches holes in stainless steel pipes and pulls outlets from them.<\/a><\/h2><div class=\"fusion-post-content-container\"><p> A T-Drill machine that punches holes in stainless steel pipes and pulls outlets from them. The growth of the innovation company Vaxa Technologies has an impact far and wide. Among other things, here at H\u00e9\u00f0inn, where we have invested in a special \u201cdrill\u201d for work on components in machines that will produce microalgae, packed with proteins and nutrients, at Vaxa\u2019s factory in the ON Geothermal Park at the Hellishei\u00f0i Power Plant. <a href=\"https:\/\/hedinn.is\/en\/t-drill-vel-sem-gatar-rydfri-ror-og-dregur-stuta-ut-ur-theim\/\">[...]<\/a><\/p><\/div><\/div><div class=\"fusion-clearfix\"><\/div><\/article>\n<article id=\"blog-1-post-5045\" class=\"fusion-post-large-alternate post-5045 post type-post status-publish format-standard has-post-thumbnail hentry category-hedinn\">\n\t<style type=\"text\/css\">\n\t\t\n\t\t\n\t\t\n\t\t\n\t\t\t<\/style>\n\n\n\t\t\t<div class=\"fusion-flexslider flexslider fusion-flexslider-loading fusion-post-slideshow\" style=\"\">\n\t\t<ul class=\"slides\">\n\t\t\t\n\t\t\t\t\t\t\t\t\t\t\t\t\t\t<li><div  class=\"fusion-image-wrapper\" aria-haspopup=\"true\">\n\t\t\t\t<img decoding=\"async\" width=\"2560\" height=\"1708\" src=\"https:\/\/hedinn.is\/wp-content\/uploads\/2023\/05\/Edvard_Ingi_Hedinn-1-scaled.jpg\" class=\"attachment-full size-full lazyload wp-post-image\" alt=\"\" srcset=\"data:image\/svg+xml,%3Csvg%20xmlns%3D%27http%3A%2F%2Fwww.w3.org%2F2000%2Fsvg%27%20width%3D%272560%27%20height%3D%271708%27%20viewBox%3D%270%200%202560%201708%27%3E%3Crect%20width%3D%272560%27%20height%3D%271708%27%20fill-opacity%3D%220%22%2F%3E%3C%2Fsvg%3E\" data-orig-src=\"https:\/\/hedinn.is\/wp-content\/uploads\/2023\/05\/Edvard_Ingi_Hedinn-1-scaled.jpg\" data-srcset=\"https:\/\/hedinn.is\/wp-content\/uploads\/2023\/05\/Edvard_Ingi_Hedinn-1-200x133.jpg 200w, https:\/\/hedinn.is\/wp-content\/uploads\/2023\/05\/Edvard_Ingi_Hedinn-1-400x267.jpg 400w, https:\/\/hedinn.is\/wp-content\/uploads\/2023\/05\/Edvard_Ingi_Hedinn-1-600x400.jpg 600w, https:\/\/hedinn.is\/wp-content\/uploads\/2023\/05\/Edvard_Ingi_Hedinn-1-800x534.jpg 800w, https:\/\/hedinn.is\/wp-content\/uploads\/2023\/05\/Edvard_Ingi_Hedinn-1-1200x800.jpg 1200w, https:\/\/hedinn.is\/wp-content\/uploads\/2023\/05\/Edvard_Ingi_Hedinn-1-scaled.jpg 2560w\" data-sizes=\"auto\" \/><div class=\"fusion-rollover\">\n\t<div class=\"fusion-rollover-content\">\n\n\t\t\t\t\t\t\t\t\t\t\t\t\t\t<a class=\"fusion-rollover-link\" href=\"https:\/\/hedinn.is\/en\/edvard-ingi-bjorgvinsson-kemur-heim-til-hedins\/\">E\u00f0var\u00f0 Ingi Bj\u00f6rgvinsson returns to H\u00e9\u00f0inn<\/a>\n\t\t\t\n\t\t\t\t\t\t\t\t\t\t\t\t\t\t\n\t\t\t\t\t\t\t\t\n\t\t\t\t\t\t\t\t\t\t\t\t\t<div class=\"fusion-rollover-sep\"><\/div>\n\t\t\t\t\n\t\t\t\t\t\t\t\t\t\t\t\t\t\t\t\t\t\t<a class=\"fusion-rollover-gallery\" href=\"https:\/\/hedinn.is\/wp-content\/uploads\/2023\/05\/Edvard_Ingi_Hedinn-1-scaled.jpg\" data-id=\"5045\" data-rel=\"iLightbox[gallery]\" data-title=\"\" data-caption=\"E\u00f0var\u00f0 Ingi Bj\u00f6rgvinsson \u00ed v\u00e9lasal H\u00e9\u00f0ins vi\u00f0 Gj\u00e1hellu \u00ed Hafnarfir\u00f0i. Hann  mun starfa vi\u00f0 hli\u00f0 R\u00f6gnvaldar Einarssonar n\u00faverandi framkv\u00e6mdastj\u00f3ra H\u00e9\u00f0ins fram a\u00f0 \u00e1ram\u00f3tum og tekur \u00fe\u00e1 a\u00f0 fullu vi\u00f0 starfi framkv\u00e6mdastj\u00f3ra. Lj\u00f3smynd\/H\u00e9\u00f0inn, Baldur Kristj\u00e1nsson\">\n\t\t\t\t\t\tGallery\t\t\t\t\t<\/a>\n\t\t\t\t\t\t\t\t\t\t\t\t\t\t\n\t\t\n\t\t\t\t\t\t\t\t\n\t\t\t\t\t\t\t\t\n\t\t\n\t\t\t\t\t\t<a class=\"fusion-link-wrapper\" href=\"https:\/\/hedinn.is\/en\/edvard-ingi-bjorgvinsson-kemur-heim-til-hedins\/\" aria-label=\"E\u00f0var\u00f0 Ingi Bj\u00f6rgvinsson returns to H\u00e9\u00f0inn\"><\/a>\n\t<\/div>\n<\/div>\n<\/div>\n<\/li>\n\t\t\t\n\t\t\t\n\t\t\t\t\t\t\t\t\t\t\t\t\t\t\t\t\t\t\t\t\t\t\t\t\t\t\t\t\t\t\t\t\t\t\t\t\t\t\t\t\t\t\t\t\t\t\t\t\t\t\t\t\t\t\t\t\t\t\t\t\t\t\t\t\t\t\t\t<\/ul>\n\t<\/div>\n\t<div class=\"fusion-date-and-formats\"><div class=\"fusion-date-box updated\"><span class=\"fusion-date\">1<\/span><span class=\"fusion-month-year\">02, 2023<\/span><\/div><div class=\"fusion-format-box\"><i class=\"awb-icon-pen\" aria-hidden=\"true\"><\/i><\/div><\/div><div class=\"fusion-post-content post-content\"><h2 class=\"blog-shortcode-post-title\"><a href=\"https:\/\/hedinn.is\/en\/edvard-ingi-bjorgvinsson-kemur-heim-til-hedins\/\">E\u00f0var\u00f0 Ingi Bj\u00f6rgvinsson returns to H\u00e9\u00f0inn<\/a><\/h2><div class=\"fusion-post-content-container\"><p> E\u00f0var\u00f0 Ingi Bj\u00f6rgvinsson returns to H\u00e9\u00f0inn E\u00f0var\u00f0 Ingi Bj\u00f6rgvinsson has been appointed Deputy CEO of H\u00e9\u00f0inn. E\u00f0var\u00f0 is very familiar with the company, having in recent years served as CEO of its subsidiary, H\u00e9\u00f0inshur\u00f0ir, and before that led H\u00e9\u00f0inn\u2019s Kongsberg division from 2016 to 2020. He will work alongside R\u00f6gnvaldur Einarsson, the current CEO, until the end of the year, after which he will fully assume the role of CEO. <a href=\"https:\/\/hedinn.is\/en\/edvard-ingi-bjorgvinsson-kemur-heim-til-hedins\/\">[...]<\/a><\/p><\/div><\/div><div class=\"fusion-clearfix\"><\/div><\/article>\n<article id=\"blog-1-post-5032\" class=\"fusion-post-large-alternate post-5032 post type-post status-publish format-standard has-post-thumbnail hentry category-hedinn\">\n\t<style type=\"text\/css\">\n\t\t\n\t\t\n\t\t\n\t\t\n\t\t\t<\/style>\n\n\n\t\t\t<div class=\"fusion-flexslider flexslider fusion-flexslider-loading fusion-post-slideshow\" style=\"\">\n\t\t<ul class=\"slides\">\n\t\t\t\n\t\t\t\t\t\t\t\t\t\t\t\t\t\t<li><div  class=\"fusion-image-wrapper\" aria-haspopup=\"true\">\n\t\t\t\t<img decoding=\"async\" width=\"2560\" height=\"1904\" src=\"https:\/\/hedinn.is\/wp-content\/uploads\/2023\/05\/20221024_101846-2-scaled.jpg\" class=\"attachment-full size-full lazyload wp-post-image\" alt=\"\" srcset=\"data:image\/svg+xml,%3Csvg%20xmlns%3D%27http%3A%2F%2Fwww.w3.org%2F2000%2Fsvg%27%20width%3D%272560%27%20height%3D%271904%27%20viewBox%3D%270%200%202560%201904%27%3E%3Crect%20width%3D%272560%27%20height%3D%271904%27%20fill-opacity%3D%220%22%2F%3E%3C%2Fsvg%3E\" data-orig-src=\"https:\/\/hedinn.is\/wp-content\/uploads\/2023\/05\/20221024_101846-2-scaled.jpg\" data-srcset=\"https:\/\/hedinn.is\/wp-content\/uploads\/2023\/05\/20221024_101846-2-200x149.jpg 200w, https:\/\/hedinn.is\/wp-content\/uploads\/2023\/05\/20221024_101846-2-400x298.jpg 400w, https:\/\/hedinn.is\/wp-content\/uploads\/2023\/05\/20221024_101846-2-600x446.jpg 600w, https:\/\/hedinn.is\/wp-content\/uploads\/2023\/05\/20221024_101846-2-800x595.jpg 800w, https:\/\/hedinn.is\/wp-content\/uploads\/2023\/05\/20221024_101846-2-1200x893.jpg 1200w, https:\/\/hedinn.is\/wp-content\/uploads\/2023\/05\/20221024_101846-2-scaled.jpg 2560w\" data-sizes=\"auto\" \/><div class=\"fusion-rollover\">\n\t<div class=\"fusion-rollover-content\">\n\n\t\t\t\t\t\t\t\t\t\t\t\t\t\t<a class=\"fusion-rollover-link\" href=\"https:\/\/hedinn.is\/en\/eimarar-med-20-km-af-rorum\/\">Distillers with 20 km of pipes<\/a>\n\t\t\t\n\t\t\t\t\t\t\t\t\t\t\t\t\t\t\n\t\t\t\t\t\t\t\t\n\t\t\t\t\t\t\t\t\t\t\t\t\t<div class=\"fusion-rollover-sep\"><\/div>\n\t\t\t\t\n\t\t\t\t\t\t\t\t\t\t\t\t\t\t\t\t\t\t<a class=\"fusion-rollover-gallery\" href=\"https:\/\/hedinn.is\/wp-content\/uploads\/2023\/05\/20221024_101846-2-scaled.jpg\" data-id=\"5032\" data-rel=\"iLightbox[gallery]\" data-title=\"\" data-caption=\"Sandra R\u00f3s P\u00e9tursd\u00f3ttir a\u00f0 \u00fer\u00e6\u00f0a eitt af fj\u00f6lm\u00f6rgum r\u00f6rum \u00ed eimarana risav\u00f6xnu. \">\n\t\t\t\t\t\tGallery\t\t\t\t\t<\/a>\n\t\t\t\t\t\t\t\t\t\t\t\t\t\t\n\t\t\n\t\t\t\t\t\t\t\t\n\t\t\t\t\t\t\t\t\n\t\t\n\t\t\t\t\t\t<a class=\"fusion-link-wrapper\" href=\"https:\/\/hedinn.is\/en\/eimarar-med-20-km-af-rorum\/\" aria-label=\"Distillers with 20 km of pipes\"><\/a>\n\t<\/div>\n<\/div>\n<\/div>\n<\/li>\n\t\t\t\n\t\t\t\n\t\t\t\t\t\t\t\t\t\t\t\t\t\t\t\t\t\t\t\t\t\t\t\t\t\t\t\t\t\t\t\t\t\t\t\t\t\t\t\t\t\t\t\t\t\t\t\t\t\t\t\t\t\t\t\t\t\t\t\t\t\t\t\t\t\t\t\t<\/ul>\n\t<\/div>\n\t<div class=\"fusion-date-and-formats\"><div class=\"fusion-date-box updated\"><span class=\"fusion-date\">7<\/span><span class=\"fusion-month-year\">12, 2022<\/span><\/div><div class=\"fusion-format-box\"><i class=\"awb-icon-pen\" aria-hidden=\"true\"><\/i><\/div><\/div><div class=\"fusion-post-content post-content\"><h2 class=\"blog-shortcode-post-title\"><a href=\"https:\/\/hedinn.is\/en\/eimarar-med-20-km-af-rorum\/\">Distillers with 20 km of pipes<\/a><\/h2><div class=\"fusion-post-content-container\"><p> Destillers with 20 km of pipes. In recent days, two enormous distillation units have been installed in the new factory taking shape at S\u00edldarvinnslan in Neskaupsta\u00f0ur. The units were fitted with pipes that, if laid end to end, would stretch about twenty kilometers. The equipment was designed and built from scratch at H\u00e9\u00f0inn, and it took the company\u2019s staff about three months to thread the pipes into <a href=\"https:\/\/hedinn.is\/en\/eimarar-med-20-km-af-rorum\/\">[...]<\/a><\/p><\/div><\/div><div class=\"fusion-clearfix\"><\/div><\/article>\n<article id=\"blog-1-post-5052\" class=\"fusion-post-large-alternate post-5052 post type-post status-publish format-standard has-post-thumbnail hentry category-hedinn\">\n\t<style type=\"text\/css\">\n\t\t\n\t\t\n\t\t\n\t\t\n\t\t\t<\/style>\n\n\n\t\t\t<div class=\"fusion-flexslider flexslider fusion-flexslider-loading fusion-post-slideshow\" style=\"\">\n\t\t<ul class=\"slides\">\n\t\t\t\n\t\t\t\t\t\t\t\t\t\t\t\t\t\t<li><div  class=\"fusion-image-wrapper\" aria-haspopup=\"true\">\n\t\t\t\t<img decoding=\"async\" width=\"2560\" height=\"1839\" src=\"https:\/\/hedinn.is\/wp-content\/uploads\/2023\/05\/20230315_100404-scaled.jpg\" class=\"attachment-full size-full lazyload wp-post-image\" alt=\"\" srcset=\"https:\/\/hedinn.is\/wp-content\/uploads\/2023\/05\/20230315_100404-200x144.jpg 200w, https:\/\/hedinn.is\/wp-content\/uploads\/2023\/05\/20230315_100404-300x215.jpg 300w, https:\/\/hedinn.is\/wp-content\/uploads\/2023\/05\/20230315_100404-400x287.jpg 400w, https:\/\/hedinn.is\/wp-content\/uploads\/2023\/05\/20230315_100404-600x431.jpg 600w, https:\/\/hedinn.is\/wp-content\/uploads\/2023\/05\/20230315_100404-768x552.jpg 768w, https:\/\/hedinn.is\/wp-content\/uploads\/2023\/05\/20230315_100404-800x575.jpg 800w, https:\/\/hedinn.is\/wp-content\/uploads\/2023\/05\/20230315_100404-1024x736.jpg 1024w, https:\/\/hedinn.is\/wp-content\/uploads\/2023\/05\/20230315_100404-1200x862.jpg 1200w, https:\/\/hedinn.is\/wp-content\/uploads\/2023\/05\/20230315_100404-1536x1103.jpg 1536w, https:\/\/hedinn.is\/wp-content\/uploads\/2023\/05\/20230315_100404-scaled.jpg 2560w\" data-orig-src=\"https:\/\/hedinn.is\/wp-content\/uploads\/2023\/05\/20230315_100404-scaled.jpg\" data-srcset=\"https:\/\/hedinn.is\/wp-content\/uploads\/2023\/05\/20230315_100404-200x144.jpg 200w, https:\/\/hedinn.is\/wp-content\/uploads\/2023\/05\/20230315_100404-300x215.jpg 300w, https:\/\/hedinn.is\/wp-content\/uploads\/2023\/05\/20230315_100404-400x287.jpg 400w, https:\/\/hedinn.is\/wp-content\/uploads\/2023\/05\/20230315_100404-600x431.jpg 600w, https:\/\/hedinn.is\/wp-content\/uploads\/2023\/05\/20230315_100404-768x552.jpg 768w, https:\/\/hedinn.is\/wp-content\/uploads\/2023\/05\/20230315_100404-800x575.jpg 800w, https:\/\/hedinn.is\/wp-content\/uploads\/2023\/05\/20230315_100404-1024x736.jpg 1024w, https:\/\/hedinn.is\/wp-content\/uploads\/2023\/05\/20230315_100404-1200x862.jpg 1200w, https:\/\/hedinn.is\/wp-content\/uploads\/2023\/05\/20230315_100404-1536x1103.jpg 1536w, https:\/\/hedinn.is\/wp-content\/uploads\/2023\/05\/20230315_100404-scaled.jpg 2560w\" data-sizes=\"auto\" \/><div class=\"fusion-rollover\">\n\t<div class=\"fusion-rollover-content\">\n\n\t\t\t\t\t\t\t\t\t\t\t\t\t\t<a class=\"fusion-rollover-link\" href=\"https:\/\/hedinn.is\/en\/100-arum-fagnad-med-utkomu-bokar\/\">100th Anniversary Celebrated with Book Release<\/a>\n\t\t\t\n\t\t\t\t\t\t\t\t\t\t\t\t\t\t\n\t\t\t\t\t\t\t\t\n\t\t\t\t\t\t\t\t\t\t\t\t\t<div class=\"fusion-rollover-sep\"><\/div>\n\t\t\t\t\n\t\t\t\t\t\t\t\t\t\t\t\t\t\t\t\t\t\t<a class=\"fusion-rollover-gallery\" href=\"https:\/\/hedinn.is\/wp-content\/uploads\/2023\/05\/20230315_100404-scaled.jpg\" data-id=\"5052\" data-rel=\"iLightbox[gallery]\" data-title=\"20230315_100404\" data-caption=\"\u00c1 k\u00e1pu b\u00f3karinnar er lj\u00f3smynd af fyrsta h\u00fasn\u00e6\u00f0i H\u00e9\u00f0ins, sem var vi\u00f0 A\u00f0alstr\u00e6ti 6 \u00ed mi\u00f0borg Reykjav\u00edkur, \u00fear sem Morgunbla\u00f0sh\u00f6llin var bygg\u00f0 s\u00ed\u00f0ar. Vi\u00f0 A\u00f0alstr\u00e6ti reis fyrsta i\u00f0na\u00f0arhverfi Reykjav\u00edkur. \u00cd fyrstu var gatan k\u00f6llu\u00f0 Hovedgaden, s\u00ed\u00f0ar Adelsgaden, \u00fe\u00e1 Klubsgaden en \u00e1ri\u00f0 1848 f\u00e9kk gatan heiti\u00f0 A\u00f0alstr\u00e6ti. V\u00e9lsmi\u00f0ja H\u00e9\u00f0ins var 60 fermetrar a\u00f0 st\u00e6r\u00f0 en h\u00fasi\u00f0 var byggt \u00e1ri\u00f0 1895. \u00deessi mynd er tekin veturinn 1942 til 1943. Eins og sj\u00e1 m\u00e1 \u00e1 rith\u00e6tti nafns H\u00e9\u00f0ins er skilti\u00f0 enn \u00f3breytt \u00fer\u00e1tt fyrir a\u00f0 n\u00fdjar stafsetningarreglur hafi veri\u00f0 innleiddar 1929 \u00feegar J\u00f3nas fr\u00e1 Hriflu var kennslum\u00e1lar\u00e1\u00f0herra og \u00e9 var teki\u00f0 upp \u00ed sta\u00f0 je \u00ed ritm\u00e1li. Lj\u00f3smynd: \u00dar safni Samuel\u00a0Kadorian, lj\u00f3smyndara bandar\u00edska hersins\/Kvikmyndasafn \u00cdslands\">\n\t\t\t\t\t\tGallery\t\t\t\t\t<\/a>\n\t\t\t\t\t\t\t\t\t\t\t\t\t\t\n\t\t\n\t\t\t\t\t\t\t\t\n\t\t\t\t\t\t\t\t\n\t\t\n\t\t\t\t\t\t<a class=\"fusion-link-wrapper\" href=\"https:\/\/hedinn.is\/en\/100-arum-fagnad-med-utkomu-bokar\/\" aria-label=\"100th Anniversary Celebrated with Book Release\"><\/a>\n\t<\/div>\n<\/div>\n<\/div>\n<\/li>\n\t\t\t\n\t\t\t\n\t\t\t\t\t\t\t\t\t\t\t\t\t\t\t\t\t\t\t\t\t\t\t\t\t\t\t\t\t\t\t\t\t\t\t\t\t\t\t\t\t\t\t\t\t\t\t\t\t\t\t\t\t\t\t\t\t\t\t\t\t\t\t\t\t\t\t\t<\/ul>\n\t<\/div>\n\t<div class=\"fusion-date-and-formats\"><div class=\"fusion-date-box updated\"><span class=\"fusion-date\">1<\/span><span class=\"fusion-month-year\">11, 2022<\/span><\/div><div class=\"fusion-format-box\"><i class=\"awb-icon-pen\" aria-hidden=\"true\"><\/i><\/div><\/div><div class=\"fusion-post-content post-content\"><h2 class=\"blog-shortcode-post-title\"><a href=\"https:\/\/hedinn.is\/en\/100-arum-fagnad-med-utkomu-bokar\/\">100th Anniversary Celebrated with Book Release<\/a><\/h2><div class=\"fusion-post-content-container\"><p> 100th Anniversary Celebrated with Book Release\n\nTo mark H\u00e9\u00f0inn\u2019s centennial, the book H\u00e9\u00f0inn at 100 Years \u2013 Snapshots 1922 to 2022 has been published, offering highlights of the company\u2019s history in words and images across 138 pages.\n\nBelow is the foreword of the book, written on behalf of the anniversary committee by Gu\u00f0mundur S. Sveinsson, Managing Director of H\u00e9\u00f0inn from 1983 to 1992 and later Chairman of the Board until 2016, and Gunnar P\u00e1lsson, Development Manager at H\u00e9\u00f0inn. <a href=\"https:\/\/hedinn.is\/en\/100-arum-fagnad-med-utkomu-bokar\/\">[...]<\/a><\/p><\/div><\/div><div class=\"fusion-clearfix\"><\/div><\/article>\n<article id=\"blog-1-post-5029\" class=\"fusion-post-large-alternate post-5029 post type-post status-publish format-standard has-post-thumbnail hentry category-hedinn\">\n\t<style type=\"text\/css\">\n\t\t\n\t\t\n\t\t\n\t\t\n\t\t\t<\/style>\n\n\n\t\t\t<div class=\"fusion-flexslider flexslider fusion-flexslider-loading fusion-post-slideshow\" style=\"\">\n\t\t<ul class=\"slides\">\n\t\t\t\n\t\t\t\t\t\t\t\t\t\t\t\t\t\t<li><div  class=\"fusion-image-wrapper\" aria-haspopup=\"true\">\n\t\t\t\t<img decoding=\"async\" width=\"788\" height=\"1186\" src=\"https:\/\/hedinn.is\/wp-content\/uploads\/2023\/05\/Listin_Mbl_01.png\" class=\"attachment-full size-full lazyload wp-post-image\" alt=\"\" srcset=\"data:image\/svg+xml,%3Csvg%20xmlns%3D%27http%3A%2F%2Fwww.w3.org%2F2000%2Fsvg%27%20width%3D%27788%27%20height%3D%271186%27%20viewBox%3D%270%200%20788%201186%27%3E%3Crect%20width%3D%27788%27%20height%3D%271186%27%20fill-opacity%3D%220%22%2F%3E%3C%2Fsvg%3E\" data-orig-src=\"https:\/\/hedinn.is\/wp-content\/uploads\/2023\/05\/Listin_Mbl_01.png\" data-srcset=\"https:\/\/hedinn.is\/wp-content\/uploads\/2023\/05\/Listin_Mbl_01-200x301.png 200w, https:\/\/hedinn.is\/wp-content\/uploads\/2023\/05\/Listin_Mbl_01-400x602.png 400w, https:\/\/hedinn.is\/wp-content\/uploads\/2023\/05\/Listin_Mbl_01-600x903.png 600w, https:\/\/hedinn.is\/wp-content\/uploads\/2023\/05\/Listin_Mbl_01.png 788w\" data-sizes=\"auto\" \/><div class=\"fusion-rollover\">\n\t<div class=\"fusion-rollover-content\">\n\n\t\t\t\t\t\t\t\t\t\t\t\t\t\t<a class=\"fusion-rollover-link\" href=\"https:\/\/hedinn.is\/en\/umfjollun-fjolmidla-um-listin-i-smidju-hedins\/\">Media Coverage of The Art in H\u00e9\u00f0inn\u2019s Workshop<\/a>\n\t\t\t\n\t\t\t\t\t\t\t\t\t\t\t\t\t\t\n\t\t\t\t\t\t\t\t\n\t\t\t\t\t\t\t\t\t\t\t\t\t<div class=\"fusion-rollover-sep\"><\/div>\n\t\t\t\t\n\t\t\t\t\t\t\t\t\t\t\t\t\t\t\t\t\t\t<a class=\"fusion-rollover-gallery\" href=\"https:\/\/hedinn.is\/wp-content\/uploads\/2023\/05\/Listin_Mbl_01.png\" data-id=\"5029\" data-rel=\"iLightbox[gallery]\" data-title=\"\" data-caption=\"Lj\u00f3smynd fr\u00e1 uppsetningu s\u00fdningarinnar var \u00e1 fors\u00ed\u00f0u laugardags\u00fatg\u00e1fu Morgunbla\u00f0sins sama dag og s\u00fdningin opna\u00f0i.\">\n\t\t\t\t\t\tGallery\t\t\t\t\t<\/a>\n\t\t\t\t\t\t\t\t\t\t\t\t\t\t\n\t\t\n\t\t\t\t\t\t\t\t\n\t\t\t\t\t\t\t\t\n\t\t\n\t\t\t\t\t\t<a class=\"fusion-link-wrapper\" href=\"https:\/\/hedinn.is\/en\/umfjollun-fjolmidla-um-listin-i-smidju-hedins\/\" aria-label=\"Media Coverage of The Art in H\u00e9\u00f0inn\u2019s Workshop\"><\/a>\n\t<\/div>\n<\/div>\n<\/div>\n<\/li>\n\t\t\t\n\t\t\t\n\t\t\t\t\t\t\t\t\t\t\t\t\t\t\t\t\t\t\t\t\t\t\t\t\t\t\t\t\t\t\t\t\t\t\t\t\t\t\t\t\t\t\t\t\t\t\t\t\t\t\t\t\t\t\t\t\t\t\t\t\t\t\t\t\t\t\t\t<\/ul>\n\t<\/div>\n\t<div class=\"fusion-date-and-formats\"><div class=\"fusion-date-box updated\"><span class=\"fusion-date\">4<\/span><span class=\"fusion-month-year\">10, 2022<\/span><\/div><div class=\"fusion-format-box\"><i class=\"awb-icon-pen\" aria-hidden=\"true\"><\/i><\/div><\/div><div class=\"fusion-post-content post-content\"><h2 class=\"blog-shortcode-post-title\"><a href=\"https:\/\/hedinn.is\/en\/umfjollun-fjolmidla-um-listin-i-smidju-hedins\/\">Media Coverage of The Art in H\u00e9\u00f0inn\u2019s Workshop<\/a><\/h2><div class=\"fusion-post-content-container\"><p> Media Coverage of The Art in H\u00e9\u00f0inn\u2019s Workshop\n\nThe country\u2019s leading media outlets covered The Art in H\u00e9\u00f0inn\u2019s Workshop, a collaborative project between the company and the National Gallery of Iceland marking H\u00e9\u00f0inn\u2019s centennial. Snorri M\u00e1sson from the St\u00f6\u00f0 2 news team conducted a live interview with Halld\u00f3r L\u00e1russon, Chairman of H\u00e9\u00f0inn, during the station\u2019s evening news. The R\u00daV newsroom aired a segment in its 7 p.m. television news broadcast. Fr\u00e9ttabla\u00f0i\u00f0 ran a full-page feature, and Morgunbla\u00f0i\u00f0 published a photograph from the installation. <a href=\"https:\/\/hedinn.is\/en\/umfjollun-fjolmidla-um-listin-i-smidju-hedins\/\">[...]<\/a><\/p><\/div><\/div><div class=\"fusion-clearfix\"><\/div><\/article>\n<article id=\"blog-1-post-5014\" class=\"fusion-post-large-alternate post-5014 post type-post status-publish format-standard has-post-thumbnail hentry category-hedinn\">\n\t<style type=\"text\/css\">\n\t\t\n\t\t\n\t\t\n\t\t\n\t\t\t<\/style>\n\n\n\t\t\t<div class=\"fusion-flexslider flexslider fusion-flexslider-loading fusion-post-slideshow\" style=\"\">\n\t\t<ul class=\"slides\">\n\t\t\t\n\t\t\t\t\t\t\t\t\t\t\t\t\t\t<li><div  class=\"fusion-image-wrapper\" aria-haspopup=\"true\">\n\t\t\t\t<img decoding=\"async\" width=\"2048\" height=\"1365\" src=\"https:\/\/hedinn.is\/wp-content\/uploads\/2022\/10\/Hedinn100-vefur-22-1.jpg\" class=\"attachment-full size-full lazyload wp-post-image\" alt=\"\" srcset=\"data:image\/svg+xml,%3Csvg%20xmlns%3D%27http%3A%2F%2Fwww.w3.org%2F2000%2Fsvg%27%20width%3D%272048%27%20height%3D%271365%27%20viewBox%3D%270%200%202048%201365%27%3E%3Crect%20width%3D%272048%27%20height%3D%271365%27%20fill-opacity%3D%220%22%2F%3E%3C%2Fsvg%3E\" data-orig-src=\"https:\/\/hedinn.is\/wp-content\/uploads\/2022\/10\/Hedinn100-vefur-22-1.jpg\" data-srcset=\"https:\/\/hedinn.is\/wp-content\/uploads\/2022\/10\/Hedinn100-vefur-22-1-200x133.jpg 200w, https:\/\/hedinn.is\/wp-content\/uploads\/2022\/10\/Hedinn100-vefur-22-1-400x267.jpg 400w, https:\/\/hedinn.is\/wp-content\/uploads\/2022\/10\/Hedinn100-vefur-22-1-600x400.jpg 600w, https:\/\/hedinn.is\/wp-content\/uploads\/2022\/10\/Hedinn100-vefur-22-1-800x533.jpg 800w, https:\/\/hedinn.is\/wp-content\/uploads\/2022\/10\/Hedinn100-vefur-22-1-1200x800.jpg 1200w, https:\/\/hedinn.is\/wp-content\/uploads\/2022\/10\/Hedinn100-vefur-22-1.jpg 2048w\" data-sizes=\"auto\" \/><div class=\"fusion-rollover\">\n\t<div class=\"fusion-rollover-content\">\n\n\t\t\t\t\t\t\t\t\t\t\t\t\t\t<a class=\"fusion-rollover-link\" href=\"https:\/\/hedinn.is\/en\/ljosmyndir-fra-afmaelissyningunni-listin-i-smidju-hedins\/\">Photographs from the Anniversary Exhibition The Art in H\u00e9\u00f0inn\u2019s Workshop<\/a>\n\t\t\t\n\t\t\t\t\t\t\t\t\t\t\t\t\t\t\n\t\t\t\t\t\t\t\t\n\t\t\t\t\t\t\t\t\t\t\t\t\t<div class=\"fusion-rollover-sep\"><\/div>\n\t\t\t\t\n\t\t\t\t\t\t\t\t\t\t\t\t\t\t\t\t\t\t<a class=\"fusion-rollover-gallery\" href=\"https:\/\/hedinn.is\/wp-content\/uploads\/2022\/10\/Hedinn100-vefur-22-1.jpg\" data-id=\"5014\" data-rel=\"iLightbox[gallery]\" data-title=\"Hedinn100-vefur-22 (1)\" data-caption=\"Til h\u00e6gri er m\u00e1lverk J\u00f3ns Stef\u00e1nssonar fr\u00e1 1934 af Mark\u00fasi \u00cdvarssyni, \u00f6\u00f0rum stofnanda H\u00e9\u00f0ins.\">\n\t\t\t\t\t\tGallery\t\t\t\t\t<\/a>\n\t\t\t\t\t\t\t\t\t\t\t\t\t\t\n\t\t\n\t\t\t\t\t\t\t\t\n\t\t\t\t\t\t\t\t\n\t\t\n\t\t\t\t\t\t<a class=\"fusion-link-wrapper\" href=\"https:\/\/hedinn.is\/en\/ljosmyndir-fra-afmaelissyningunni-listin-i-smidju-hedins\/\" aria-label=\"Photographs from the Anniversary Exhibition The Art in H\u00e9\u00f0inn\u2019s Workshop\"><\/a>\n\t<\/div>\n<\/div>\n<\/div>\n<\/li>\n\t\t\t\n\t\t\t\n\t\t\t\t\t\t\t\t\t\t\t\t\t\t\t\t\t\t\t\t\t\t\t\t\t\t\t\t\t\t\t\t\t\t\t\t\t\t\t\t\t\t\t\t\t\t\t\t\t\t\t\t\t\t\t\t\t\t\t\t\t\t\t\t\t\t\t\t<\/ul>\n\t<\/div>\n\t<div class=\"fusion-date-and-formats\"><div class=\"fusion-date-box updated\"><span class=\"fusion-date\">4<\/span><span class=\"fusion-month-year\">10, 2022<\/span><\/div><div class=\"fusion-format-box\"><i class=\"awb-icon-pen\" aria-hidden=\"true\"><\/i><\/div><\/div><div class=\"fusion-post-content post-content\"><h2 class=\"blog-shortcode-post-title\"><a href=\"https:\/\/hedinn.is\/en\/ljosmyndir-fra-afmaelissyningunni-listin-i-smidju-hedins\/\">Photographs from the Anniversary Exhibition The Art in H\u00e9\u00f0inn\u2019s Workshop<\/a><\/h2><div class=\"fusion-post-content-container\"><p> Photographs from the Anniversary Exhibition The Art in H\u00e9\u00f0inn\u2019s Workshop\n\nPhotographer Snorri Bj\u00f6rnsson captured these atmospheric images at the well-attended art exhibition hosted by H\u00e9\u00f0inn and the National Gallery of Iceland in the company\u2019s workshops at Gj\u00e1hella 4 on Saturday, October 1. The exhibition was open for this single day only, from 1 p.m. to 5 p.m., and was a joint project between the National Gallery of Iceland and H\u00e9\u00f0inn in celebration of the company\u2019s centennial. The works on display came from a remarkable gift made by the family of Mark\u00fas \u00cdvarsson, H\u00e9\u00f0inn\u2019s founder. <a href=\"https:\/\/hedinn.is\/en\/ljosmyndir-fra-afmaelissyningunni-listin-i-smidju-hedins\/\">[...]<\/a><\/p><\/div><\/div><div class=\"fusion-clearfix\"><\/div><\/article>\n<article id=\"blog-1-post-5002\" class=\"fusion-post-large-alternate post-5002 post type-post status-publish format-standard has-post-thumbnail hentry category-hedinn\">\n\t<style type=\"text\/css\">\n\t\t\n\t\t\n\t\t\n\t\t\n\t\t\t<\/style>\n\n\n\t\t\t<div class=\"fusion-flexslider flexslider fusion-flexslider-loading fusion-post-slideshow\" style=\"\">\n\t\t<ul class=\"slides\">\n\t\t\t\n\t\t\t\t\t\t\t\t\t\t\t\t\t\t<li><div  class=\"fusion-image-wrapper\" aria-haspopup=\"true\">\n\t\t\t\t<img decoding=\"async\" width=\"2091\" height=\"1569\" src=\"https:\/\/hedinn.is\/wp-content\/uploads\/2023\/05\/li-913-2-1.jpeg\" class=\"attachment-full size-full lazyload wp-post-image\" alt=\"\" srcset=\"data:image\/svg+xml,%3Csvg%20xmlns%3D%27http%3A%2F%2Fwww.w3.org%2F2000%2Fsvg%27%20width%3D%272091%27%20height%3D%271569%27%20viewBox%3D%270%200%202091%201569%27%3E%3Crect%20width%3D%272091%27%20height%3D%271569%27%20fill-opacity%3D%220%22%2F%3E%3C%2Fsvg%3E\" data-orig-src=\"https:\/\/hedinn.is\/wp-content\/uploads\/2023\/05\/li-913-2-1.jpeg\" data-srcset=\"https:\/\/hedinn.is\/wp-content\/uploads\/2023\/05\/li-913-2-1-200x150.jpeg 200w, https:\/\/hedinn.is\/wp-content\/uploads\/2023\/05\/li-913-2-1-400x300.jpeg 400w, https:\/\/hedinn.is\/wp-content\/uploads\/2023\/05\/li-913-2-1-600x450.jpeg 600w, https:\/\/hedinn.is\/wp-content\/uploads\/2023\/05\/li-913-2-1-800x600.jpeg 800w, https:\/\/hedinn.is\/wp-content\/uploads\/2023\/05\/li-913-2-1-1200x900.jpeg 1200w, https:\/\/hedinn.is\/wp-content\/uploads\/2023\/05\/li-913-2-1.jpeg 2091w\" data-sizes=\"auto\" \/><div class=\"fusion-rollover\">\n\t<div class=\"fusion-rollover-content\">\n\n\t\t\t\t\t\t\t\t\t\t\t\t\t\t<a class=\"fusion-rollover-link\" href=\"https:\/\/hedinn.is\/en\/fjolmenni-a-myndlistarsyningu-i-smidjum-hedins-vid-gjahellu\/\">Large Crowd at the Art Exhibition in H\u00e9\u00f0inn\u2019s Workshops at Gj\u00e1hella<\/a>\n\t\t\t\n\t\t\t\t\t\t\t\t\t\t\t\t\t\t\n\t\t\t\t\t\t\t\t\n\t\t\t\t\t\t\t\t\t\t\t\t\t<div class=\"fusion-rollover-sep\"><\/div>\n\t\t\t\t\n\t\t\t\t\t\t\t\t\t\t\t\t\t\t\t\t\t\t<a class=\"fusion-rollover-gallery\" href=\"https:\/\/hedinn.is\/wp-content\/uploads\/2023\/05\/li-913-2-1.jpeg\" data-id=\"5002\" data-rel=\"iLightbox[gallery]\" data-title=\"\" data-caption=\"Skip \u00ed Reykjav\u00edkurh\u00f6fn, fr\u00e1 1940, eftir J\u00f3n \u00deorleifsson (1891-1961).\">\n\t\t\t\t\t\tGallery\t\t\t\t\t<\/a>\n\t\t\t\t\t\t\t\t\t\t\t\t\t\t\n\t\t\n\t\t\t\t\t\t\t\t\n\t\t\t\t\t\t\t\t\n\t\t\n\t\t\t\t\t\t<a class=\"fusion-link-wrapper\" href=\"https:\/\/hedinn.is\/en\/fjolmenni-a-myndlistarsyningu-i-smidjum-hedins-vid-gjahellu\/\" aria-label=\"Large Crowd at the Art Exhibition in H\u00e9\u00f0inn\u2019s Workshops at Gj\u00e1hella\"><\/a>\n\t<\/div>\n<\/div>\n<\/div>\n<\/li>\n\t\t\t\n\t\t\t\n\t\t\t\t\t\t\t\t\t\t\t\t\t\t\t\t\t\t\t\t\t\t\t\t\t\t\t\t\t\t\t\t\t\t\t\t\t\t\t\t\t\t\t\t\t\t\t\t\t\t\t\t\t\t\t\t\t\t\t\t\t\t\t\t\t\t\t\t<\/ul>\n\t<\/div>\n\t<div class=\"fusion-date-and-formats\"><div class=\"fusion-date-box updated\"><span class=\"fusion-date\">3<\/span><span class=\"fusion-month-year\">10, 2022<\/span><\/div><div class=\"fusion-format-box\"><i class=\"awb-icon-pen\" aria-hidden=\"true\"><\/i><\/div><\/div><div class=\"fusion-post-content post-content\"><h2 class=\"blog-shortcode-post-title\"><a href=\"https:\/\/hedinn.is\/en\/fjolmenni-a-myndlistarsyningu-i-smidjum-hedins-vid-gjahellu\/\">Large Crowd at the Art Exhibition in H\u00e9\u00f0inn\u2019s Workshops at Gj\u00e1hella<\/a><\/h2><div class=\"fusion-post-content-container\"><p> Nearly three thousand guests visited the exhibition Listin \u00ed smi\u00f0ju H\u00e9\u00f0ins, held on October 1, 2022. The exhibition was open for this one day only, from 1 p.m. to 5 p.m., in the company\u2019s machine halls at Gj\u00e1hella. The event was a joint project between the National Gallery of Iceland and H\u00e9\u00f0inn, marking the company\u2019s centennial. On display were works from a remarkable gift by the family of Mark\u00fas \u00cdvarsson, who, together with Bjarni \u00deorsteinsson, founded H\u00e9\u00f0inn in 1922. Mark\u00fas was born in 1884. <a href=\"https:\/\/hedinn.is\/en\/fjolmenni-a-myndlistarsyningu-i-smidjum-hedins-vid-gjahellu\/\">[...]<\/a><\/p><\/div><\/div><div class=\"fusion-clearfix\"><\/div><\/article>\n<article id=\"blog-1-post-5042\" class=\"fusion-post-large-alternate post-5042 post type-post status-publish format-standard has-post-thumbnail hentry category-hedinn\">\n\t<style type=\"text\/css\">\n\t\t\n\t\t\n\t\t\n\t\t\n\t\t\t<\/style>\n\n\n\t\t\t<div class=\"fusion-flexslider flexslider fusion-flexslider-loading fusion-post-slideshow\" style=\"\">\n\t\t<ul class=\"slides\">\n\t\t\t\n\t\t\t\t\t\t\t\t\t\t\t\t\t\t<li><div  class=\"fusion-image-wrapper\" aria-haspopup=\"true\">\n\t\t\t\t<img decoding=\"async\" width=\"1773\" height=\"1182\" src=\"https:\/\/hedinn.is\/wp-content\/uploads\/2023\/05\/Matthias-fjarmalstjori-Hedins-1.jpg\" class=\"attachment-full size-full lazyload wp-post-image\" alt=\"\" srcset=\"data:image\/svg+xml,%3Csvg%20xmlns%3D%27http%3A%2F%2Fwww.w3.org%2F2000%2Fsvg%27%20width%3D%271773%27%20height%3D%271182%27%20viewBox%3D%270%200%201773%201182%27%3E%3Crect%20width%3D%271773%27%20height%3D%271182%27%20fill-opacity%3D%220%22%2F%3E%3C%2Fsvg%3E\" data-orig-src=\"https:\/\/hedinn.is\/wp-content\/uploads\/2023\/05\/Matthias-fjarmalstjori-Hedins-1.jpg\" data-srcset=\"https:\/\/hedinn.is\/wp-content\/uploads\/2023\/05\/Matthias-fjarmalstjori-Hedins-1-200x133.jpg 200w, https:\/\/hedinn.is\/wp-content\/uploads\/2023\/05\/Matthias-fjarmalstjori-Hedins-1-400x267.jpg 400w, https:\/\/hedinn.is\/wp-content\/uploads\/2023\/05\/Matthias-fjarmalstjori-Hedins-1-600x400.jpg 600w, https:\/\/hedinn.is\/wp-content\/uploads\/2023\/05\/Matthias-fjarmalstjori-Hedins-1-800x533.jpg 800w, https:\/\/hedinn.is\/wp-content\/uploads\/2023\/05\/Matthias-fjarmalstjori-Hedins-1-1200x800.jpg 1200w, https:\/\/hedinn.is\/wp-content\/uploads\/2023\/05\/Matthias-fjarmalstjori-Hedins-1.jpg 1773w\" data-sizes=\"auto\" \/><div class=\"fusion-rollover\">\n\t<div class=\"fusion-rollover-content\">\n\n\t\t\t\t\t\t\t\t\t\t\t\t\t\t<a class=\"fusion-rollover-link\" href=\"https:\/\/hedinn.is\/en\/matthias-stephensen-til-hedins\/\">Matth\u00edas Stephensen joins H\u00e9\u00f0inn<\/a>\n\t\t\t\n\t\t\t\t\t\t\t\t\t\t\t\t\t\t\n\t\t\t\t\t\t\t\t\n\t\t\t\t\t\t\t\t\t\t\t\t\t<div class=\"fusion-rollover-sep\"><\/div>\n\t\t\t\t\n\t\t\t\t\t\t\t\t\t\t\t\t\t\t\t\t\t\t<a class=\"fusion-rollover-gallery\" href=\"https:\/\/hedinn.is\/wp-content\/uploads\/2023\/05\/Matthias-fjarmalstjori-Hedins-1.jpg\" data-id=\"5042\" data-rel=\"iLightbox[gallery]\" data-title=\"\" data-caption=\"Matth\u00edas Stephensen er n\u00fdr fj\u00e1rm\u00e1lastj\u00f3ri H\u00e9\u00f0ins.\">\n\t\t\t\t\t\tGallery\t\t\t\t\t<\/a>\n\t\t\t\t\t\t\t\t\t\t\t\t\t\t\n\t\t\n\t\t\t\t\t\t\t\t\n\t\t\t\t\t\t\t\t\n\t\t\n\t\t\t\t\t\t<a class=\"fusion-link-wrapper\" href=\"https:\/\/hedinn.is\/en\/matthias-stephensen-til-hedins\/\" aria-label=\"Matth\u00edas Stephensen joins H\u00e9\u00f0inn\"><\/a>\n\t<\/div>\n<\/div>\n<\/div>\n<\/li>\n\t\t\t\n\t\t\t\n\t\t\t\t\t\t\t\t\t\t\t\t\t\t\t\t\t\t\t\t\t\t\t\t\t\t\t\t\t\t\t\t\t\t\t\t\t\t\t\t\t\t\t\t\t\t\t\t\t\t\t\t\t\t\t\t\t\t\t\t\t\t\t\t\t\t\t\t<\/ul>\n\t<\/div>\n\t<div class=\"fusion-date-and-formats\"><div class=\"fusion-date-box updated\"><span class=\"fusion-date\">1<\/span><span class=\"fusion-month-year\">09, 2022<\/span><\/div><div class=\"fusion-format-box\"><i class=\"awb-icon-pen\" aria-hidden=\"true\"><\/i><\/div><\/div><div class=\"fusion-post-content post-content\"><h2 class=\"blog-shortcode-post-title\"><a href=\"https:\/\/hedinn.is\/en\/matthias-stephensen-til-hedins\/\">Matth\u00edas Stephensen joins H\u00e9\u00f0inn<\/a><\/h2><div class=\"fusion-post-content-container\"><p> Matth\u00edas Stephensen Joins H\u00e9\u00f0inn Matth\u00edas Stephensen has been appointed Chief Financial Officer of H\u00e9\u00f0inn. Matth\u00edas previously worked at Arion Bank from 2011, most recently as Head of Operations and Sales in the Corporate Banking division, as well as the bank\u2019s Head of Deposits. H\u00e9\u00f0inn is a leading company in metalworking and mechanical engineering, providing a wide range of services to the fisheries sector, heavy industry, and energy producers. The company was founded in 1922 and is celebrating its centennial this year.\nMatth\u00edas holds a B.S. degree in <a href=\"https:\/\/hedinn.is\/en\/matthias-stephensen-til-hedins\/\">[...]<\/a><\/p><\/div><\/div><div class=\"fusion-clearfix\"><\/div><\/article>\n<article id=\"blog-1-post-4423\" class=\"fusion-post-large-alternate post-4423 post type-post status-publish format-standard has-post-thumbnail hentry category-hedinn\">\n\t<style type=\"text\/css\">\n\t\t\n\t\t\n\t\t\n\t\t\n\t\t\t<\/style>\n\n\n\t\t\t<div class=\"fusion-flexslider flexslider fusion-flexslider-loading fusion-post-slideshow\" style=\"\">\n\t\t<ul class=\"slides\">\n\t\t\t\n\t\t\t\t\t\t\t\t\t\t\t\t\t\t<li><div  class=\"fusion-image-wrapper\" aria-haspopup=\"true\">\n\t\t\t\t<img decoding=\"async\" width=\"800\" height=\"533\" src=\"https:\/\/hedinn.is\/wp-content\/uploads\/2022\/09\/logo-hedinn20202.jpg\" class=\"attachment-full size-full lazyload wp-post-image\" alt=\"\" srcset=\"https:\/\/hedinn.is\/wp-content\/uploads\/2022\/09\/logo-hedinn20202-200x133.jpg 200w, https:\/\/hedinn.is\/wp-content\/uploads\/2022\/09\/logo-hedinn20202-300x200.jpg 300w, https:\/\/hedinn.is\/wp-content\/uploads\/2022\/09\/logo-hedinn20202-400x267.jpg 400w, https:\/\/hedinn.is\/wp-content\/uploads\/2022\/09\/logo-hedinn20202-600x400.jpg 600w, https:\/\/hedinn.is\/wp-content\/uploads\/2022\/09\/logo-hedinn20202-768x512.jpg 768w, https:\/\/hedinn.is\/wp-content\/uploads\/2022\/09\/logo-hedinn20202.jpg 800w\" data-orig-src=\"https:\/\/hedinn.is\/wp-content\/uploads\/2022\/09\/logo-hedinn20202.jpg\" data-srcset=\"https:\/\/hedinn.is\/wp-content\/uploads\/2022\/09\/logo-hedinn20202-200x133.jpg 200w, https:\/\/hedinn.is\/wp-content\/uploads\/2022\/09\/logo-hedinn20202-300x200.jpg 300w, https:\/\/hedinn.is\/wp-content\/uploads\/2022\/09\/logo-hedinn20202-400x267.jpg 400w, https:\/\/hedinn.is\/wp-content\/uploads\/2022\/09\/logo-hedinn20202-600x400.jpg 600w, https:\/\/hedinn.is\/wp-content\/uploads\/2022\/09\/logo-hedinn20202-768x512.jpg 768w, https:\/\/hedinn.is\/wp-content\/uploads\/2022\/09\/logo-hedinn20202.jpg 800w\" data-sizes=\"auto\" \/><div class=\"fusion-rollover\">\n\t<div class=\"fusion-rollover-content\">\n\n\t\t\t\t\t\t\t\t\t\t\t\t\t\t<a class=\"fusion-rollover-link\" href=\"https:\/\/hedinn.is\/en\/100-ara-afmaelidsveisla-hedins\/\">H\u00e9\u00f0inn\u2019s 100th Anniversary Celebration<\/a>\n\t\t\t\n\t\t\t\t\t\t\t\t\t\t\t\t\t\t\n\t\t\t\t\t\t\t\t\n\t\t\t\t\t\t\t\t\t\t\t\t\t<div class=\"fusion-rollover-sep\"><\/div>\n\t\t\t\t\n\t\t\t\t\t\t\t\t\t\t\t\t\t\t\t\t\t\t<a class=\"fusion-rollover-gallery\" href=\"https:\/\/hedinn.is\/wp-content\/uploads\/2022\/09\/logo-hedinn20202.jpg\" data-id=\"4423\" data-rel=\"iLightbox[gallery]\" data-title=\"logo-hedinn20202\" data-caption=\"\">\n\t\t\t\t\t\tGallery\t\t\t\t\t<\/a>\n\t\t\t\t\t\t\t\t\t\t\t\t\t\t\n\t\t\n\t\t\t\t\t\t\t\t\n\t\t\t\t\t\t\t\t\n\t\t\n\t\t\t\t\t\t<a class=\"fusion-link-wrapper\" href=\"https:\/\/hedinn.is\/en\/100-ara-afmaelidsveisla-hedins\/\" aria-label=\"H\u00e9\u00f0inn\u2019s 100th Anniversary Celebration\"><\/a>\n\t<\/div>\n<\/div>\n<\/div>\n<\/li>\n\t\t\t\n\t\t\t\n\t\t\t\t\t\t\t\t\t\t\t\t\t\t\t\t\t\t\t\t\t\t\t\t\t\t\t\t\t\t\t\t\t\t\t\t\t\t\t\t\t\t\t\t\t\t\t\t\t\t\t\t\t\t\t\t\t\t\t\t\t\t\t\t\t\t\t\t<\/ul>\n\t<\/div>\n\t<div class=\"fusion-date-and-formats\"><div class=\"fusion-date-box updated\"><span class=\"fusion-date\">1<\/span><span class=\"fusion-month-year\">09, 2022<\/span><\/div><div class=\"fusion-format-box\"><i class=\"awb-icon-pen\" aria-hidden=\"true\"><\/i><\/div><\/div><div class=\"fusion-post-content post-content\"><h2 class=\"blog-shortcode-post-title\"><a href=\"https:\/\/hedinn.is\/en\/100-ara-afmaelidsveisla-hedins\/\">H\u00e9\u00f0inn\u2019s 100th Anniversary Celebration<\/a><\/h2><div class=\"fusion-post-content-container\"><p>H\u00e9\u00f0inn will reach its 100-year milestone on November 1. This occasion will be celebrated with a grand anniversary party for employees, their spouses, former staff, and other well-wishers on Saturday, October 29.<\/p><\/div><\/div><div class=\"fusion-clearfix\"><\/div><\/article>\n<article id=\"blog-1-post-4436\" class=\"fusion-post-large-alternate post-4436 post type-post status-publish format-standard has-post-thumbnail hentry category-hedinn\">\n\t<style type=\"text\/css\">\n\t\t\n\t\t\n\t\t\n\t\t\n\t\t\t<\/style>\n\n\n\t\t\t<div class=\"fusion-flexslider flexslider fusion-flexslider-loading fusion-post-slideshow\" style=\"\">\n\t\t<ul class=\"slides\">\n\t\t\t\n\t\t\t\t\t\t\t\t\t\t\t\t\t\t<li><div  class=\"fusion-image-wrapper\" aria-haspopup=\"true\">\n\t\t\t\t<img decoding=\"async\" width=\"800\" height=\"533\" src=\"https:\/\/hedinn.is\/wp-content\/uploads\/2022\/09\/logo-hedinn20202.jpg\" class=\"attachment-full size-full lazyload wp-post-image\" alt=\"\" srcset=\"https:\/\/hedinn.is\/wp-content\/uploads\/2022\/09\/logo-hedinn20202-200x133.jpg 200w, https:\/\/hedinn.is\/wp-content\/uploads\/2022\/09\/logo-hedinn20202-300x200.jpg 300w, https:\/\/hedinn.is\/wp-content\/uploads\/2022\/09\/logo-hedinn20202-400x267.jpg 400w, https:\/\/hedinn.is\/wp-content\/uploads\/2022\/09\/logo-hedinn20202-600x400.jpg 600w, https:\/\/hedinn.is\/wp-content\/uploads\/2022\/09\/logo-hedinn20202-768x512.jpg 768w, https:\/\/hedinn.is\/wp-content\/uploads\/2022\/09\/logo-hedinn20202.jpg 800w\" data-orig-src=\"https:\/\/hedinn.is\/wp-content\/uploads\/2022\/09\/logo-hedinn20202.jpg\" data-srcset=\"https:\/\/hedinn.is\/wp-content\/uploads\/2022\/09\/logo-hedinn20202-200x133.jpg 200w, https:\/\/hedinn.is\/wp-content\/uploads\/2022\/09\/logo-hedinn20202-300x200.jpg 300w, https:\/\/hedinn.is\/wp-content\/uploads\/2022\/09\/logo-hedinn20202-400x267.jpg 400w, https:\/\/hedinn.is\/wp-content\/uploads\/2022\/09\/logo-hedinn20202-600x400.jpg 600w, https:\/\/hedinn.is\/wp-content\/uploads\/2022\/09\/logo-hedinn20202-768x512.jpg 768w, https:\/\/hedinn.is\/wp-content\/uploads\/2022\/09\/logo-hedinn20202.jpg 800w\" data-sizes=\"auto\" \/><div class=\"fusion-rollover\">\n\t<div class=\"fusion-rollover-content\">\n\n\t\t\t\t\t\t\t\t\t\t\t\t\t\t<a class=\"fusion-rollover-link\" href=\"https:\/\/hedinn.is\/en\/listasafn-islands-heldur-syningu-i-hedni\/\">The National Gallery of Iceland Hosts an Exhibition at H\u00e9\u00f0inn<\/a>\n\t\t\t\n\t\t\t\t\t\t\t\t\t\t\t\t\t\t\n\t\t\t\t\t\t\t\t\n\t\t\t\t\t\t\t\t\t\t\t\t\t<div class=\"fusion-rollover-sep\"><\/div>\n\t\t\t\t\n\t\t\t\t\t\t\t\t\t\t\t\t\t\t\t\t\t\t<a class=\"fusion-rollover-gallery\" href=\"https:\/\/hedinn.is\/wp-content\/uploads\/2022\/09\/logo-hedinn20202.jpg\" data-id=\"4436\" data-rel=\"iLightbox[gallery]\" data-title=\"logo-hedinn20202\" data-caption=\"\">\n\t\t\t\t\t\tGallery\t\t\t\t\t<\/a>\n\t\t\t\t\t\t\t\t\t\t\t\t\t\t\n\t\t\n\t\t\t\t\t\t\t\t\n\t\t\t\t\t\t\t\t\n\t\t\n\t\t\t\t\t\t<a class=\"fusion-link-wrapper\" href=\"https:\/\/hedinn.is\/en\/listasafn-islands-heldur-syningu-i-hedni\/\" aria-label=\"The National Gallery of Iceland Hosts an Exhibition at H\u00e9\u00f0inn\"><\/a>\n\t<\/div>\n<\/div>\n<\/div>\n<\/li>\n\t\t\t\n\t\t\t\n\t\t\t\t\t\t\t\t\t\t\t\t\t\t\t\t\t\t\t\t\t\t\t\t\t\t\t\t\t\t\t\t\t\t\t\t\t\t\t\t\t\t\t\t\t\t\t\t\t\t\t\t\t\t\t\t\t\t\t\t\t\t\t\t\t\t\t\t<\/ul>\n\t<\/div>\n\t<div class=\"fusion-date-and-formats\"><div class=\"fusion-date-box updated\"><span class=\"fusion-date\">1<\/span><span class=\"fusion-month-year\">09, 2022<\/span><\/div><div class=\"fusion-format-box\"><i class=\"awb-icon-pen\" aria-hidden=\"true\"><\/i><\/div><\/div><div class=\"fusion-post-content post-content\"><h2 class=\"blog-shortcode-post-title\"><a href=\"https:\/\/hedinn.is\/en\/listasafn-islands-heldur-syningu-i-hedni\/\">The National Gallery of Iceland Hosts an Exhibition at H\u00e9\u00f0inn<\/a><\/h2><div class=\"fusion-post-content-container\"><p>The National Gallery of Iceland has decided to hold an art exhibition at H\u00e9\u00f0inn\u2019s premises at Gj\u00e1hella 4 on Saturday, October 1. On display will be a selection of works once owned by Mark\u00fas \u00cdvarsson, one of H\u00e9\u00f0inn\u2019s founders, which he donated to the National Gallery of Iceland.<\/p><\/div><\/div><div class=\"fusion-clearfix\"><\/div><\/article>\n<article id=\"blog-1-post-3009\" class=\"fusion-post-large-alternate post-3009 post type-post status-publish format-standard has-post-thumbnail hentry category-hedinn\">\n\t<style type=\"text\/css\">\n\t\t\n\t\t\n\t\t\n\t\t\n\t\t\t<\/style>\n\n\n\t\t\t<div class=\"fusion-flexslider flexslider fusion-flexslider-loading fusion-post-slideshow\" style=\"\">\n\t\t<ul class=\"slides\">\n\t\t\t\n\t\t\t\t\t\t\t\t\t\t\t\t\t\t<li><div  class=\"fusion-image-wrapper\" aria-haspopup=\"true\">\n\t\t\t\t<img decoding=\"async\" width=\"800\" height=\"533\" src=\"https:\/\/hedinn.is\/wp-content\/uploads\/2022\/03\/Jafnlaunavottun_an_texta_adalmerki_f_ljosan_grunn.jpg\" class=\"attachment-full size-full lazyload wp-post-image\" alt=\"\" srcset=\"https:\/\/hedinn.is\/wp-content\/uploads\/2022\/03\/Jafnlaunavottun_an_texta_adalmerki_f_ljosan_grunn-200x133.jpg 200w, https:\/\/hedinn.is\/wp-content\/uploads\/2022\/03\/Jafnlaunavottun_an_texta_adalmerki_f_ljosan_grunn-300x200.jpg 300w, https:\/\/hedinn.is\/wp-content\/uploads\/2022\/03\/Jafnlaunavottun_an_texta_adalmerki_f_ljosan_grunn-400x267.jpg 400w, https:\/\/hedinn.is\/wp-content\/uploads\/2022\/03\/Jafnlaunavottun_an_texta_adalmerki_f_ljosan_grunn-600x400.jpg 600w, https:\/\/hedinn.is\/wp-content\/uploads\/2022\/03\/Jafnlaunavottun_an_texta_adalmerki_f_ljosan_grunn-768x512.jpg 768w, https:\/\/hedinn.is\/wp-content\/uploads\/2022\/03\/Jafnlaunavottun_an_texta_adalmerki_f_ljosan_grunn.jpg 800w\" data-orig-src=\"https:\/\/hedinn.is\/wp-content\/uploads\/2022\/03\/Jafnlaunavottun_an_texta_adalmerki_f_ljosan_grunn.jpg\" data-srcset=\"https:\/\/hedinn.is\/wp-content\/uploads\/2022\/03\/Jafnlaunavottun_an_texta_adalmerki_f_ljosan_grunn-200x133.jpg 200w, https:\/\/hedinn.is\/wp-content\/uploads\/2022\/03\/Jafnlaunavottun_an_texta_adalmerki_f_ljosan_grunn-300x200.jpg 300w, https:\/\/hedinn.is\/wp-content\/uploads\/2022\/03\/Jafnlaunavottun_an_texta_adalmerki_f_ljosan_grunn-400x267.jpg 400w, https:\/\/hedinn.is\/wp-content\/uploads\/2022\/03\/Jafnlaunavottun_an_texta_adalmerki_f_ljosan_grunn-600x400.jpg 600w, https:\/\/hedinn.is\/wp-content\/uploads\/2022\/03\/Jafnlaunavottun_an_texta_adalmerki_f_ljosan_grunn-768x512.jpg 768w, https:\/\/hedinn.is\/wp-content\/uploads\/2022\/03\/Jafnlaunavottun_an_texta_adalmerki_f_ljosan_grunn.jpg 800w\" data-sizes=\"auto\" \/><div class=\"fusion-rollover\">\n\t<div class=\"fusion-rollover-content\">\n\n\t\t\t\t\t\t\t\t\t\t\t\t\t\t<a class=\"fusion-rollover-link\" href=\"https:\/\/hedinn.is\/en\/hedinn-hlytur-jafnlaunavottunina\/\">H\u00e9\u00f0inn Awarded Equal Pay Certification<\/a>\n\t\t\t\n\t\t\t\t\t\t\t\t\t\t\t\t\t\t\n\t\t\t\t\t\t\t\t\n\t\t\t\t\t\t\t\t\t\t\t\t\t<div class=\"fusion-rollover-sep\"><\/div>\n\t\t\t\t\n\t\t\t\t\t\t\t\t\t\t\t\t\t\t\t\t\t\t<a class=\"fusion-rollover-gallery\" href=\"https:\/\/hedinn.is\/wp-content\/uploads\/2022\/03\/Jafnlaunavottun_an_texta_adalmerki_f_ljosan_grunn.jpg\" data-id=\"3009\" data-rel=\"iLightbox[gallery]\" data-title=\"Jafnlaunavottun_an_texta_adalmerki_f_ljosan_grunn\" data-caption=\"\">\n\t\t\t\t\t\tGallery\t\t\t\t\t<\/a>\n\t\t\t\t\t\t\t\t\t\t\t\t\t\t\n\t\t\n\t\t\t\t\t\t\t\t\n\t\t\t\t\t\t\t\t\n\t\t\n\t\t\t\t\t\t<a class=\"fusion-link-wrapper\" href=\"https:\/\/hedinn.is\/en\/hedinn-hlytur-jafnlaunavottunina\/\" aria-label=\"H\u00e9\u00f0inn Awarded Equal Pay Certification\"><\/a>\n\t<\/div>\n<\/div>\n<\/div>\n<\/li>\n\t\t\t\n\t\t\t\n\t\t\t\t\t\t\t\t\t\t\t\t\t\t\t\t\t\t\t\t\t\t\t\t\t\t\t\t\t\t\t\t\t\t\t\t\t\t\t\t\t\t\t\t\t\t\t\t\t\t\t\t\t\t\t\t\t\t\t\t\t\t\t\t\t\t\t\t<\/ul>\n\t<\/div>\n\t<div class=\"fusion-date-and-formats\"><div class=\"fusion-date-box updated\"><span class=\"fusion-date\">28<\/span><span class=\"fusion-month-year\">03, 2022<\/span><\/div><div class=\"fusion-format-box\"><i class=\"awb-icon-pen\" aria-hidden=\"true\"><\/i><\/div><\/div><div class=\"fusion-post-content post-content\"><h2 class=\"blog-shortcode-post-title\"><a href=\"https:\/\/hedinn.is\/en\/hedinn-hlytur-jafnlaunavottunina\/\">H\u00e9\u00f0inn Awarded Equal Pay Certification<\/a><\/h2><div class=\"fusion-post-content-container\"><p>H\u00e9\u00f0inn was recently awarded Equal Pay Certification by the Directorate of Equality. The main objective of the certification is to combat gender-based wage gaps and promote gender equality in the labor market. H\u00e9\u00f0inn\u2019s equal pay policy is an integral part of its overall wage policy and applies to all of the company\u2019s employees.<\/p><\/div><\/div><div class=\"fusion-clearfix\"><\/div><\/article>\n<article id=\"blog-1-post-3039\" class=\"fusion-post-large-alternate post-3039 post type-post status-publish format-standard has-post-thumbnail hentry category-hedinn\">\n\t<style type=\"text\/css\">\n\t\t\n\t\t\n\t\t\n\t\t\n\t\t\t<\/style>\n\n\n\t\t\t<div class=\"fusion-flexslider flexslider fusion-flexslider-loading fusion-post-slideshow\" style=\"\">\n\t\t<ul class=\"slides\">\n\t\t\t\n\t\t\t\t\t\t\t\t\t\t\t\t\t\t<li><div  class=\"fusion-image-wrapper\" aria-haspopup=\"true\">\n\t\t\t\t<img decoding=\"async\" width=\"800\" height=\"533\" src=\"https:\/\/hedinn.is\/wp-content\/uploads\/2022\/04\/starfsmenn-Hedins.jpg\" class=\"attachment-full size-full lazyload wp-post-image\" alt=\"\" srcset=\"data:image\/svg+xml,%3Csvg%20xmlns%3D%27http%3A%2F%2Fwww.w3.org%2F2000%2Fsvg%27%20width%3D%27800%27%20height%3D%27533%27%20viewBox%3D%270%200%20800%20533%27%3E%3Crect%20width%3D%27800%27%20height%3D%27533%27%20fill-opacity%3D%220%22%2F%3E%3C%2Fsvg%3E\" data-orig-src=\"https:\/\/hedinn.is\/wp-content\/uploads\/2022\/04\/starfsmenn-Hedins.jpg\" data-srcset=\"https:\/\/hedinn.is\/wp-content\/uploads\/2022\/04\/starfsmenn-Hedins-200x133.jpg 200w, https:\/\/hedinn.is\/wp-content\/uploads\/2022\/04\/starfsmenn-Hedins-400x267.jpg 400w, https:\/\/hedinn.is\/wp-content\/uploads\/2022\/04\/starfsmenn-Hedins-600x400.jpg 600w, https:\/\/hedinn.is\/wp-content\/uploads\/2022\/04\/starfsmenn-Hedins.jpg 800w\" data-sizes=\"auto\" \/><div class=\"fusion-rollover\">\n\t<div class=\"fusion-rollover-content\">\n\n\t\t\t\t\t\t\t\t\t\t\t\t\t\t<a class=\"fusion-rollover-link\" href=\"https:\/\/hedinn.is\/en\/oskuhaugarnir-lagdir-nidur-ad-fullu-og-ollu\/\">\"The dumpsters completely shut down\"<\/a>\n\t\t\t\n\t\t\t\t\t\t\t\t\t\t\t\t\t\t\n\t\t\t\t\t\t\t\t\n\t\t\t\t\t\t\t\t\t\t\t\t\t<div class=\"fusion-rollover-sep\"><\/div>\n\t\t\t\t\n\t\t\t\t\t\t\t\t\t\t\t\t\t\t\t\t\t\t<a class=\"fusion-rollover-gallery\" href=\"https:\/\/hedinn.is\/wp-content\/uploads\/2022\/04\/starfsmenn-Hedins.jpg\" data-id=\"3039\" data-rel=\"iLightbox[gallery]\" data-title=\"starfsmenn-H\u00e9\u00f0ins\" data-caption=\"\">\n\t\t\t\t\t\tGallery\t\t\t\t\t<\/a>\n\t\t\t\t\t\t\t\t\t\t\t\t\t\t\n\t\t\n\t\t\t\t\t\t\t\t\n\t\t\t\t\t\t\t\t\n\t\t\n\t\t\t\t\t\t<a class=\"fusion-link-wrapper\" href=\"https:\/\/hedinn.is\/en\/oskuhaugarnir-lagdir-nidur-ad-fullu-og-ollu\/\" aria-label=\"&quot;The dumpsters completely shut down&quot;\"><\/a>\n\t<\/div>\n<\/div>\n<\/div>\n<\/li>\n\t\t\t\n\t\t\t\n\t\t\t\t\t\t\t\t\t\t\t\t\t\t\t\t\t\t\t\t\t\t\t\t\t\t\t\t\t\t\t\t\t\t\t\t\t\t\t\t\t\t\t\t\t\t\t\t\t\t\t\t\t\t\t\t\t\t\t\t\t\t\t\t\t\t\t\t<\/ul>\n\t<\/div>\n\t<div class=\"fusion-date-and-formats\"><div class=\"fusion-date-box updated\"><span class=\"fusion-date\">27<\/span><span class=\"fusion-month-year\">02, 2022<\/span><\/div><div class=\"fusion-format-box\"><i class=\"awb-icon-pen\" aria-hidden=\"true\"><\/i><\/div><\/div><div class=\"fusion-post-content post-content\"><h2 class=\"blog-shortcode-post-title\"><a href=\"https:\/\/hedinn.is\/en\/oskuhaugarnir-lagdir-nidur-ad-fullu-og-ollu\/\">\"The dumpsters completely shut down\"<\/a><\/h2><div class=\"fusion-post-content-container\"><p>The media visir.is continuted its coverage of the 100-year history of H\u00e9\u00f0inn on its website on the 27th of February 2022.<\/p><\/div><\/div><div class=\"fusion-clearfix\"><\/div><\/article>\n<article id=\"blog-1-post-553\" class=\"fusion-post-large-alternate post-553 post type-post status-publish format-standard has-post-thumbnail hentry category-hedinn\">\n\t<style type=\"text\/css\">\n\t\t\n\t\t\n\t\t\n\t\t\n\t\t\t<\/style>\n\n\n\t\t\t<div class=\"fusion-flexslider flexslider fusion-flexslider-loading fusion-post-slideshow\" style=\"\">\n\t\t<ul class=\"slides\">\n\t\t\t\n\t\t\t\t\t\t\t\t\t\t\t\t\t\t<li><div  class=\"fusion-image-wrapper\" aria-haspopup=\"true\">\n\t\t\t\t<img decoding=\"async\" width=\"800\" height=\"533\" src=\"https:\/\/hedinn.is\/wp-content\/uploads\/2016\/03\/Gunnar-Palsson-og-Rognvaldur-Einarsson.jpg\" class=\"attachment-full size-full lazyload wp-post-image\" alt=\"\" srcset=\"data:image\/svg+xml,%3Csvg%20xmlns%3D%27http%3A%2F%2Fwww.w3.org%2F2000%2Fsvg%27%20width%3D%27800%27%20height%3D%27533%27%20viewBox%3D%270%200%20800%20533%27%3E%3Crect%20width%3D%27800%27%20height%3D%27533%27%20fill-opacity%3D%220%22%2F%3E%3C%2Fsvg%3E\" data-orig-src=\"https:\/\/hedinn.is\/wp-content\/uploads\/2016\/03\/Gunnar-Palsson-og-Rognvaldur-Einarsson.jpg\" data-srcset=\"https:\/\/hedinn.is\/wp-content\/uploads\/2016\/03\/Gunnar-Palsson-og-Rognvaldur-Einarsson-200x133.jpg 200w, https:\/\/hedinn.is\/wp-content\/uploads\/2016\/03\/Gunnar-Palsson-og-Rognvaldur-Einarsson-400x267.jpg 400w, https:\/\/hedinn.is\/wp-content\/uploads\/2016\/03\/Gunnar-Palsson-og-Rognvaldur-Einarsson-600x400.jpg 600w, https:\/\/hedinn.is\/wp-content\/uploads\/2016\/03\/Gunnar-Palsson-og-Rognvaldur-Einarsson.jpg 800w\" data-sizes=\"auto\" \/><div class=\"fusion-rollover\">\n\t<div class=\"fusion-rollover-content\">\n\n\t\t\t\t\t\t\t\t\t\t\t\t\t\t<a class=\"fusion-rollover-link\" href=\"https:\/\/hedinn.is\/en\/fyrirtaekid-var-skirt-thessum-bjarnhedni-til-heidurs\/\">\u201cThe company was named in honor of this Bjarnh\u00e9\u00f0inn.\u201d<\/a>\n\t\t\t\n\t\t\t\t\t\t\t\t\t\t\t\t\t\t\n\t\t\t\t\t\t\t\t\n\t\t\t\t\t\t\t\t\t\t\t\t\t<div class=\"fusion-rollover-sep\"><\/div>\n\t\t\t\t\n\t\t\t\t\t\t\t\t\t\t\t\t\t\t\t\t\t\t<a class=\"fusion-rollover-gallery\" href=\"https:\/\/hedinn.is\/wp-content\/uploads\/2016\/03\/Gunnar-Palsson-og-Rognvaldur-Einarsson.jpg\" data-id=\"553\" data-rel=\"iLightbox[gallery]\" data-title=\"Fv.: Gunnar P\u00e1lsson verkfr\u00e6\u00f0ingur og R\u00f6gnvaldur Einarsson framkv\u00e6mdastj\u00f3ri eru b\u00e1\u00f0ir hluteigendur \u00ed H\u00e9\u00f0ni hf., sem \u00e1 \u00feessu \u00e1ri fagnar 100 \u00e1ra afm\u00e6li s\u00ednu. Gunnar hefur starfa\u00f0 \u00ed H\u00e9\u00f0ni \u00ed hartn\u00e6r \u00ferj\u00e1t\u00edu \u00e1r og R\u00f6gnvaldur \u00ed um aldarfj\u00f3r\u00f0ung. Saga H\u00e9\u00f0ins hf. er ekki a\u00f0eins saga um fyrirt\u00e6ki sem telst eitt af fram\u00farskarandi fyrirt\u00e6kjum landsins \u00ed dag, heldur einnig saga um f\u00f3lk og samf\u00e9lag \u00ed 100 \u00e1r. - Mynd fr\u00e1 V\u00edsir\" data-caption=\"\">\n\t\t\t\t\t\tGallery\t\t\t\t\t<\/a>\n\t\t\t\t\t\t\t\t\t\t\t\t\t\t\n\t\t\n\t\t\t\t\t\t\t\t\n\t\t\t\t\t\t\t\t\n\t\t\n\t\t\t\t\t\t<a class=\"fusion-link-wrapper\" href=\"https:\/\/hedinn.is\/en\/fyrirtaekid-var-skirt-thessum-bjarnhedni-til-heidurs\/\" aria-label=\"\u201cThe company was named in honor of this Bjarnh\u00e9\u00f0inn.\u201d\"><\/a>\n\t<\/div>\n<\/div>\n<\/div>\n<\/li>\n\t\t\t\n\t\t\t\n\t\t\t\t\t\t\t\t\t\t\t\t\t\t\t\t\t\t\t\t\t\t\t\t\t\t\t\t\t\t\t\t\t\t\t\t\t\t\t\t\t\t\t\t\t\t\t\t\t\t\t\t\t\t\t\t\t\t\t\t\t\t\t\t\t\t\t\t<\/ul>\n\t<\/div>\n\t<div class=\"fusion-date-and-formats\"><div class=\"fusion-date-box updated\"><span class=\"fusion-date\">20<\/span><span class=\"fusion-month-year\">02, 2022<\/span><\/div><div class=\"fusion-format-box\"><i class=\"awb-icon-pen\" aria-hidden=\"true\"><\/i><\/div><\/div><div class=\"fusion-post-content post-content\"><h2 class=\"blog-shortcode-post-title\"><a href=\"https:\/\/hedinn.is\/en\/fyrirtaekid-var-skirt-thessum-bjarnhedni-til-heidurs\/\">\u201cThe company was named in honor of this Bjarnh\u00e9\u00f0inn.\u201d<\/a><\/h2><div class=\"fusion-post-content-container\"><p>Recently, V\u00edsir.is published a news story about H\u00e9\u00f0inn and the company\u2019s 100-year history. Few companies in Iceland have a history spanning a century, and even fewer are a hundred years old while still having descendants of the founder among their shareholders.<\/p><\/div><\/div><div class=\"fusion-clearfix\"><\/div><\/article>\n<article id=\"blog-1-post-2520\" class=\"fusion-post-large-alternate post-2520 post type-post status-publish format-standard has-post-thumbnail hentry category-hedinn\">\n\t<style type=\"text\/css\">\n\t\t\n\t\t\n\t\t\n\t\t\n\t\t\t<\/style>\n\n\n\t\t\t<div class=\"fusion-flexslider flexslider fusion-flexslider-loading fusion-post-slideshow\" style=\"\">\n\t\t<ul class=\"slides\">\n\t\t\t\n\t\t\t\t\t\t\t\t\t\t\t\t\t\t<li><div  class=\"fusion-image-wrapper\" aria-haspopup=\"true\">\n\t\t\t\t<img decoding=\"async\" width=\"800\" height=\"533\" src=\"https:\/\/hedinn.is\/wp-content\/uploads\/2022\/02\/A-IMG_1519.jpg\" class=\"attachment-full size-full lazyload wp-post-image\" alt=\"\" srcset=\"data:image\/svg+xml,%3Csvg%20xmlns%3D%27http%3A%2F%2Fwww.w3.org%2F2000%2Fsvg%27%20width%3D%27800%27%20height%3D%27533%27%20viewBox%3D%270%200%20800%20533%27%3E%3Crect%20width%3D%27800%27%20height%3D%27533%27%20fill-opacity%3D%220%22%2F%3E%3C%2Fsvg%3E\" data-orig-src=\"https:\/\/hedinn.is\/wp-content\/uploads\/2022\/02\/A-IMG_1519.jpg\" data-srcset=\"https:\/\/hedinn.is\/wp-content\/uploads\/2022\/02\/A-IMG_1519-200x133.jpg 200w, https:\/\/hedinn.is\/wp-content\/uploads\/2022\/02\/A-IMG_1519-400x267.jpg 400w, https:\/\/hedinn.is\/wp-content\/uploads\/2022\/02\/A-IMG_1519-600x400.jpg 600w, https:\/\/hedinn.is\/wp-content\/uploads\/2022\/02\/A-IMG_1519.jpg 800w\" data-sizes=\"auto\" \/><div class=\"fusion-rollover\">\n\t<div class=\"fusion-rollover-content\">\n\n\t\t\t\t\t\t\t\t\t\t\t\t\t\t<a class=\"fusion-rollover-link\" href=\"https:\/\/hedinn.is\/en\/hedinn-tekur-til-hja-sorpu\/\">H\u00e9\u00f0inn tidies up at Sorpa<\/a>\n\t\t\t\n\t\t\t\t\t\t\t\t\t\t\t\t\t\t\n\t\t\t\t\t\t\t\t\n\t\t\t\t\t\t\t\t\t\t\t\t\t<div class=\"fusion-rollover-sep\"><\/div>\n\t\t\t\t\n\t\t\t\t\t\t\t\t\t\t\t\t\t\t\t\t\t\t<a class=\"fusion-rollover-gallery\" href=\"https:\/\/hedinn.is\/wp-content\/uploads\/2022\/02\/A-IMG_1519.jpg\" data-id=\"2520\" data-rel=\"iLightbox[gallery]\" data-title=\"Ecostar Hexact diskaskj\u00e1ir eru kjarninn \u00ed n\u00fdja flokkunarkerfinu og a\u00f0skilja l\u00edfr\u00e6na hlutann fr\u00e1 \u00f3st\u00f6\u00f0vandi hlutanum eftir t\u00e6tingu.\" data-caption=\"\">\n\t\t\t\t\t\tGallery\t\t\t\t\t<\/a>\n\t\t\t\t\t\t\t\t\t\t\t\t\t\t\n\t\t\n\t\t\t\t\t\t\t\t\n\t\t\t\t\t\t\t\t\n\t\t\n\t\t\t\t\t\t<a class=\"fusion-link-wrapper\" href=\"https:\/\/hedinn.is\/en\/hedinn-tekur-til-hja-sorpu\/\" aria-label=\"H\u00e9\u00f0inn tidies up at Sorpa\"><\/a>\n\t<\/div>\n<\/div>\n<\/div>\n<\/li>\n\t\t\t\n\t\t\t\n\t\t\t\t\t\t\t\t\t\t\t\t\t\t\t\t\t\t\t\t\t\t\t\t\t\t\t\t\t\t\t\t\t\t\t\t\t\t\t\t\t\t\t\t\t\t\t\t\t\t\t\t\t\t\t\t\t\t\t\t\t\t\t\t\t\t\t\t<\/ul>\n\t<\/div>\n\t<div class=\"fusion-date-and-formats\"><div class=\"fusion-date-box updated\"><span class=\"fusion-date\">10<\/span><span class=\"fusion-month-year\">06, 2020<\/span><\/div><div class=\"fusion-format-box\"><i class=\"awb-icon-pen\" aria-hidden=\"true\"><\/i><\/div><\/div><div class=\"fusion-post-content post-content\"><h2 class=\"blog-shortcode-post-title\"><a href=\"https:\/\/hedinn.is\/en\/hedinn-tekur-til-hja-sorpu\/\">H\u00e9\u00f0inn tidies up at Sorpa<\/a><\/h2><div class=\"fusion-post-content-container\"><p>A team from H\u00e9\u00f0inn has been busy installing new sorting equipment at Sorpa\u2019s waste reception and sorting station in Gufunes. Sorpa\u2019s role is to receive and process waste from the entire capital area, and its operations are therefore extensive.<\/p><\/div><\/div><div class=\"fusion-clearfix\"><\/div><\/article>\n<article id=\"blog-1-post-2518\" class=\"fusion-post-large-alternate post-2518 post type-post status-publish format-standard has-post-thumbnail hentry category-hedinn\">\n\t<style type=\"text\/css\">\n\t\t\n\t\t\n\t\t\n\t\t\n\t\t\t<\/style>\n\n\n\t\t\t<div class=\"fusion-flexslider flexslider fusion-flexslider-loading fusion-post-slideshow\" style=\"\">\n\t\t<ul class=\"slides\">\n\t\t\t\n\t\t\t\t\t\t\t\t\t\t\t\t\t\t<li><div  class=\"fusion-image-wrapper\" aria-haspopup=\"true\">\n\t\t\t\t<img decoding=\"async\" width=\"800\" height=\"533\" src=\"https:\/\/hedinn.is\/wp-content\/uploads\/2022\/02\/Ilivileq-i-Gomlu-hofninni.jpg\" class=\"attachment-full size-full lazyload wp-post-image\" alt=\"\" srcset=\"data:image\/svg+xml,%3Csvg%20xmlns%3D%27http%3A%2F%2Fwww.w3.org%2F2000%2Fsvg%27%20width%3D%27800%27%20height%3D%27533%27%20viewBox%3D%270%200%20800%20533%27%3E%3Crect%20width%3D%27800%27%20height%3D%27533%27%20fill-opacity%3D%220%22%2F%3E%3C%2Fsvg%3E\" data-orig-src=\"https:\/\/hedinn.is\/wp-content\/uploads\/2022\/02\/Ilivileq-i-Gomlu-hofninni.jpg\" data-srcset=\"https:\/\/hedinn.is\/wp-content\/uploads\/2022\/02\/Ilivileq-i-Gomlu-hofninni-200x133.jpg 200w, https:\/\/hedinn.is\/wp-content\/uploads\/2022\/02\/Ilivileq-i-Gomlu-hofninni-400x267.jpg 400w, https:\/\/hedinn.is\/wp-content\/uploads\/2022\/02\/Ilivileq-i-Gomlu-hofninni-600x400.jpg 600w, https:\/\/hedinn.is\/wp-content\/uploads\/2022\/02\/Ilivileq-i-Gomlu-hofninni.jpg 800w\" data-sizes=\"auto\" \/><div class=\"fusion-rollover\">\n\t<div class=\"fusion-rollover-content\">\n\n\t\t\t\t\t\t\t\t\t\t\t\t\t\t<a class=\"fusion-rollover-link\" href=\"https:\/\/hedinn.is\/en\/nyr-togari-med-kongsberg-kerfi-og-hpp-proteinverksmidju\/\">A new trawler with a Kongsberg system and an HPP protein factory<\/a>\n\t\t\t\n\t\t\t\t\t\t\t\t\t\t\t\t\t\t\n\t\t\t\t\t\t\t\t\n\t\t\t\t\t\t\t\t\t\t\t\t\t<div class=\"fusion-rollover-sep\"><\/div>\n\t\t\t\t\n\t\t\t\t\t\t\t\t\t\t\t\t\t\t\t\t\t\t<a class=\"fusion-rollover-gallery\" href=\"https:\/\/hedinn.is\/wp-content\/uploads\/2022\/02\/Ilivileq-i-Gomlu-hofninni.jpg\" data-id=\"2518\" data-rel=\"iLightbox[gallery]\" data-title=\"N\u00fdr frystitogari Brims Ilivileq \u00ed Reykjav\u00edkurh\u00f6fnG\u00f6mlu h\u00f6fninni\" data-caption=\"\">\n\t\t\t\t\t\tGallery\t\t\t\t\t<\/a>\n\t\t\t\t\t\t\t\t\t\t\t\t\t\t\n\t\t\n\t\t\t\t\t\t\t\t\n\t\t\t\t\t\t\t\t\n\t\t\n\t\t\t\t\t\t<a class=\"fusion-link-wrapper\" href=\"https:\/\/hedinn.is\/en\/nyr-togari-med-kongsberg-kerfi-og-hpp-proteinverksmidju\/\" aria-label=\"A new trawler with a Kongsberg system and an HPP protein factory\"><\/a>\n\t<\/div>\n<\/div>\n<\/div>\n<\/li>\n\t\t\t\n\t\t\t\n\t\t\t\t\t\t\t\t\t\t\t\t\t\t\t\t\t\t\t\t\t\t\t\t\t\t\t\t\t\t\t\t\t\t\t\t\t\t\t\t\t\t\t\t\t\t\t\t\t\t\t\t\t\t\t\t\t\t\t\t\t\t\t\t\t\t\t\t<\/ul>\n\t<\/div>\n\t<div class=\"fusion-date-and-formats\"><div class=\"fusion-date-box updated\"><span class=\"fusion-date\">7<\/span><span class=\"fusion-month-year\">05, 2020<\/span><\/div><div class=\"fusion-format-box\"><i class=\"awb-icon-pen\" aria-hidden=\"true\"><\/i><\/div><\/div><div class=\"fusion-post-content post-content\"><h2 class=\"blog-shortcode-post-title\"><a href=\"https:\/\/hedinn.is\/en\/nyr-togari-med-kongsberg-kerfi-og-hpp-proteinverksmidju\/\">A new trawler with a Kongsberg system and an HPP protein factory<\/a><\/h2><div class=\"fusion-post-content-container\"><p>On May 5th, the fisheries company Brim celebrated the arrival in Reykjav\u00edk of the newest member of its fleet, the 82-meter stern trawler Ilivileq GR 2-201. The vessel is equipped with an HPP protein factory and is fitted with Kongsberg Maritime systems and machinery. Ilivileq will be operated by Brim\u2019s subsidiary in Qaqortoq, Greenland.<\/p><\/div><\/div><div class=\"fusion-clearfix\"><\/div><\/article>\n<\/div><\/div><\/div><style type=\"text\/css\">.fusion-body .fusion-builder-column-1{width:66.666666666667% !important;margin-top : 10px;margin-bottom : 3%;}.fusion-builder-column-1 > .fusion-column-wrapper {padding-top : 0px !important;padding-right : 0px !important;margin-right : 2.88%;padding-bottom : 0px !important;padding-left : 0px !important;margin-left : 2.88%;}@media only screen and (max-width:1024px) {.fusion-body .fusion-builder-column-1{width:100% !important;}.fusion-builder-column-1 > .fusion-column-wrapper {margin-right : 1.92%;margin-left : 1.92%;}}@media only screen and (max-width:640px) {.fusion-body .fusion-builder-column-1{width:100% !important;}.fusion-builder-column-1 > .fusion-column-wrapper {margin-right : 1.92%;margin-left : 1.92%;}}<\/style><\/div><div class=\"fusion-layout-column fusion_builder_column fusion-builder-column-2 fusion_builder_column_1_6 1_6 fusion-flex-column fusion-no-small-visibility\"><div class=\"fusion-column-wrapper fusion-flex-justify-content-flex-start fusion-content-layout-column\" style=\"background-position:left top;background-repeat:no-repeat;-webkit-background-size:cover;-moz-background-size:cover;-o-background-size:cover;background-size:cover;padding: 0px 0px 0px 0px;\"><\/div><style type=\"text\/css\">.fusion-body .fusion-builder-column-2{width:16.666666666667% !important;margin-top : 10px;margin-bottom : 10px;}.fusion-builder-column-2 > .fusion-column-wrapper {padding-top : 0px !important;padding-right : 0px !important;margin-right : 11.52%;padding-bottom : 0px !important;padding-left : 0px !important;margin-left : 11.52%;}@media only screen and (max-width:1024px) {.fusion-body .fusion-builder-column-2{width:100% !important;}.fusion-builder-column-2 > .fusion-column-wrapper {margin-right : 1.92%;margin-left : 1.92%;}}@media only screen and (max-width:640px) {.fusion-body .fusion-builder-column-2{width:100% !important;}.fusion-builder-column-2 > .fusion-column-wrapper {margin-right : 1.92%;margin-left : 1.92%;}}<\/style><\/div><\/div><style type=\"text\/css\">.fusion-body .fusion-flex-container.fusion-builder-row-1{ padding-top : 90px;margin-top : 0px;padding-right : 0px;padding-bottom : 30px;margin-bottom : 0px;padding-left : 0px;}<\/style><\/div><div class=\"fusion-fullwidth fullwidth-box fusion-builder-row-2 fusion-flex-container nonhundred-percent-fullwidth non-hundred-percent-height-scrolling\" style=\"background-color: #0072bc;background-position: left top;background-repeat: no-repeat;border-width: 0px 0px 0px 0px;border-color:#e7e4e2;border-style:solid;\" ><div class=\"fusion-builder-row fusion-row fusion-flex-align-items-flex-start\" style=\"max-width:calc( 1100px + 0px );margin-left: calc(-0px \/ 2 );margin-right: calc(-0px \/ 2 );\"><div class=\"fusion-layout-column fusion_builder_column fusion-builder-column-3 fusion_builder_column_1_1 1_1 fusion-flex-column fusion-flex-align-self-flex-start fusion-column-no-min-height\"><div class=\"fusion-column-wrapper fusion-flex-justify-content-flex-start fusion-content-layout-column\" style=\"background-position:left top;background-blend-mode: overlay;background-repeat:no-repeat;-webkit-background-size:cover;-moz-background-size:cover;-o-background-size:cover;background-size:cover;padding: 0px 0px 0px 0px;\"><style type=\"text\/css\">@media only screen and (max-width:1024px) {.fusion-title.fusion-title-1{margin-top:10px!important; margin-right:0px!important;margin-bottom:24px!important;margin-left:0px!important;}}@media only screen and (max-width:640px) {.fusion-title.fusion-title-1{margin-top:10px!important; margin-right:0px!important;margin-bottom:20px!important; margin-left:0px!important;}}<\/style><div class=\"fusion-title title fusion-title-1 fusion-sep-none fusion-title-center fusion-title-text fusion-title-size-two\" style=\"margin-top:10px;margin-right:0px;margin-bottom:24px;margin-left:0px;\"><h2 class=\"title-heading-center fusion-responsive-typography-calculated\" style=\"margin:0;color:#ffffff;--fontSize:34;line-height:1.47;\">Send us a message<\/h2><\/div><div class=\"fusion-separator fusion-full-width-sep\" style=\"align-self: center;margin-left: auto;margin-right: auto;margin-top:-25px;width:100%;\"><\/div><div class=\"fusion-text fusion-text-1\" style=\"color:#ffffff;\"><p style=\"text-align: center; font-size: 20px;\">Fill out the form<\/p>\n<\/div><div class=\"fusion-separator fusion-full-width-sep\" style=\"align-self: center;margin-left: auto;margin-right: auto;margin-top:15px;width:100%;\"><\/div><style>.fusion-form-form-wrapper .fusion-form-2074 .fusion-form-tooltip .fusion-form-tooltip-content{color:#ffffff !important;background-color:#ffffff !important;border-color:#ffffff !important;}.fusion-form-form-wrapper .fusion-form-2074 input[type=\"date\"],.fusion-form-form-wrapper .fusion-form-2074 input[type=\"datetime-local\"],.fusion-form-form-wrapper .fusion-form-2074 input[type=\"email\"],.fusion-form-form-wrapper .fusion-form-2074 input[type=\"month\"],.fusion-form-form-wrapper .fusion-form-2074 input[type=\"number\"],.fusion-form-form-wrapper .fusion-form-2074 input[type=\"password\"],.fusion-form-form-wrapper .fusion-form-2074 input[type=\"search\"],.fusion-form-form-wrapper .fusion-form-2074 input[type=\"tel\"],.fusion-form-form-wrapper .fusion-form-2074 input[type=\"phone-number\"],.fusion-form-form-wrapper .fusion-form-2074 input[type=\"text\"],.fusion-form-form-wrapper .fusion-form-2074 input[type=\"time\"],.fusion-form-form-wrapper .fusion-form-2074 input[type=\"url\"],.fusion-form-form-wrapper .fusion-form-2074 input[type=\"week\"],.fusion-form-form-wrapper .fusion-form-2074 input[type=\"datetime\"],.fusion-form-form-wrapper .fusion-form-2074 select,.fusion-form-form-wrapper .fusion-form-2074 textarea,.fusion-form-form-wrapper .fusion-form-2074 input[type=\"upload\"]{background-color:#ffffff;color:#000000;}.fusion-form-form-wrapper .fusion-form-2074 input::placeholder{color:rgba(0,0,0,0.5);}.fusion-form-form-wrapper .fusion-form-2074 textarea::placeholder{color:rgba(0,0,0,0.5);}.fusion-form-form-wrapper .fusion-form-2074 select:invalid{color:rgba(0,0,0,0.5);}.fusion-form-form-wrapper .fusion-form-2074 option{color:#000000;}.fusion-form-form-wrapper .fusion-form-2074 .fusion-form-input-with-icon > i{color:#000000 !important;}.fusion-form-form-wrapper .fusion-form-2074 input.fusion-form-upload-field::placeholder{color:#000000;}.fusion-form-form-wrapper .fusion-form-2074 .fusion-select-wrapper .select-arrow path{stroke:#000000 !important;}<\/style><div class=\"fusion-form fusion-form-builder fusion-form-form-wrapper fusion-form-2074\" data-form-id=\"2074\" data-config=\"{&quot;form_id&quot;:&quot;2074&quot;,&quot;form_post_id&quot;:&quot;2074&quot;,&quot;post_id&quot;:2518,&quot;form_type&quot;:&quot;database_email&quot;,&quot;confirmation_type&quot;:&quot;message&quot;,&quot;redirect_url&quot;:&quot;&quot;,&quot;field_labels&quot;:{&quot;name&quot;:&quot;&quot;,&quot;email&quot;:&quot;&quot;,&quot;skilabod&quot;:&quot;&quot;},&quot;field_logics&quot;:{&quot;name&quot;:&quot;&quot;,&quot;email&quot;:&quot;&quot;,&quot;skilabod&quot;:&quot;&quot;}}\"><form action=\"https:\/\/hedinn.is\/en\/nyr-togari-med-kongsberg-kerfi-og-hpp-proteinverksmidju\/\" method=\"post\" class=\"fusion-form fusion-form-2074\" data-trp-original-action=\"https:\/\/hedinn.is\/en\/nyr-togari-med-kongsberg-kerfi-og-hpp-proteinverksmidju\/\"><div class=\"fusion-fullwidth fullwidth-box fusion-builder-row-2-1 fusion-flex-container nonhundred-percent-fullwidth non-hundred-percent-height-scrolling\" style=\"background-color: #0072bc;background-position: center center;background-repeat: no-repeat;border-width: 0px 0px 0px 0px;border-color:#e7e4e2;border-style:solid;\" ><div class=\"fusion-builder-row fusion-row fusion-flex-align-items-flex-start\" style=\"width:104% !important;max-width:104% !important;margin-left: calc(-4% \/ 2 );margin-right: calc(-4% \/ 2 );\"><div class=\"fusion-layout-column fusion_builder_column fusion-builder-column-4 fusion-flex-column\"><div class=\"fusion-column-wrapper fusion-flex-justify-content-flex-start fusion-content-layout-column\" style=\"background-position:left top;background-repeat:no-repeat;-webkit-background-size:cover;-moz-background-size:cover;-o-background-size:cover;background-size:cover;background-color:#0072bc;padding: 0px 0px 0px 0px;\"><div class=\"fusion-form-field fusion-form-text-field fusion-form-label-above\" data-form-id=\"2074\"><input type=\"text\" name=\"name\" id=\"name\" value=\"\"  class=\"fusion-form-input\" placeholder=\"Name\" data-holds-private-data=\"false\" minlength=\"0\"\/><\/div><\/div><style type=\"text\/css\">.fusion-body .fusion-builder-column-4{width:26% !important;margin-top : 10px;margin-bottom : 10px;}.fusion-builder-column-4 > .fusion-column-wrapper {padding-top : 0px !important;padding-right : 0px !important;margin-right : 1.1076923076923%;padding-bottom : 0px !important;padding-left : 0px !important;margin-left : 7.3846153846154%;}@media only screen and (max-width:1024px) {.fusion-body .fusion-builder-column-4{width:100% !important;order : 0;}.fusion-builder-column-4 > .fusion-column-wrapper {margin-right : 1.92%;margin-left : 1.92%;}}@media only screen and (max-width:640px) {.fusion-body .fusion-builder-column-4{width:100% !important;order : 0;}.fusion-builder-column-4 > .fusion-column-wrapper {margin-right : 1.92%;margin-left : 1.92%;}}<\/style><\/div><div class=\"fusion-layout-column fusion_builder_column fusion-builder-column-5 fusion-flex-column\"><div class=\"fusion-column-wrapper fusion-flex-justify-content-flex-start fusion-content-layout-column\" style=\"background-position:left top;background-repeat:no-repeat;-webkit-background-size:cover;-moz-background-size:cover;-o-background-size:cover;background-size:cover;background-color:#0072bc;padding: 0px 0px 0px 0px;\"><div class=\"fusion-form-field fusion-form-email-field fusion-form-label-above\" data-form-id=\"2074\"><input type=\"email\" name=\"email\" id=\"email\" value=\"\"  class=\"fusion-form-input\" placeholder=\"Email\" data-holds-private-data=\"false\"\/><\/div><\/div><style type=\"text\/css\">.fusion-body .fusion-builder-column-5{width:26% !important;margin-top : 10px;margin-bottom : 10px;}.fusion-builder-column-5 > .fusion-column-wrapper {padding-top : 0px !important;padding-right : 0px !important;margin-right : 1.8461538461538%;padding-bottom : 0px !important;padding-left : 0px !important;margin-left : 2.9538461538462%;}@media only screen and (max-width:1024px) {.fusion-body .fusion-builder-column-5{width:100% !important;order : 0;}.fusion-builder-column-5 > .fusion-column-wrapper {margin-right : 1.92%;margin-left : 1.92%;}}@media only screen and (max-width:640px) {.fusion-body .fusion-builder-column-5{width:100% !important;order : 0;}.fusion-builder-column-5 > .fusion-column-wrapper {margin-right : 1.92%;margin-left : 1.92%;}}<\/style><\/div><div class=\"fusion-layout-column fusion_builder_column fusion-builder-column-6 fusion-flex-column fusion-flex-align-self-center\"><div class=\"fusion-column-wrapper fusion-flex-justify-content-flex-start fusion-content-layout-column\" style=\"background-position:left top;background-repeat:no-repeat;-webkit-background-size:cover;-moz-background-size:cover;-o-background-size:cover;background-size:cover;background-color:#0072bc;padding: 0px 0px 0px 0px;\"><div class=\"fusion-form-field fusion-form-text-field fusion-form-label-above\" data-form-id=\"2074\"><input type=\"text\" name=\"skilabod\" id=\"skilabod\" value=\"\"  class=\"fusion-form-input\" placeholder=\"Message\" data-holds-private-data=\"false\" minlength=\"0\"\/><\/div><\/div><style type=\"text\/css\">.fusion-body .fusion-builder-column-6{width:26% !important;margin-top : 10px;margin-bottom : 10px;}.fusion-builder-column-6 > .fusion-column-wrapper {padding-top : 0px !important;padding-right : 0px !important;margin-right : 1.8461538461538%;padding-bottom : 0px !important;padding-left : 0px !important;margin-left : 2.2153846153846%;}@media only screen and (max-width:1024px) {.fusion-body .fusion-builder-column-6{width:100% !important;order : 0;}.fusion-builder-column-6 > .fusion-column-wrapper {margin-right : 1.92%;margin-left : 1.92%;}}@media only screen and (max-width:640px) {.fusion-body .fusion-builder-column-6{width:100% !important;order : 0;}.fusion-builder-column-6 > .fusion-column-wrapper {margin-right : 1.92%;margin-left : 1.92%;}}<\/style><\/div><div class=\"fusion-layout-column fusion_builder_column fusion-builder-column-7 fusion-flex-column\"><div class=\"fusion-column-wrapper fusion-flex-justify-content-flex-start fusion-content-layout-column\" style=\"background-position:left top;background-repeat:no-repeat;-webkit-background-size:cover;-moz-background-size:cover;-o-background-size:cover;background-size:cover;padding: 2px 0px 0px 0px;\"><div class=\"fusion-form-field fusion-form-submit-field fusion-form-label-above\" data-form-id=\"2074\"><div ><style>.fusion-button.button-1{border-radius:0px 0px 0px 0px;}<\/style><button type=\"submit\" class=\"fusion-button button-flat fusion-button-default-size button-default button-1 fusion-button-default-span  form-form-submit button-default\" data-form-number=\"2074\" style=\"margin-top:0px;width:calc(100%);\" tabindex=\"\"><span class=\"fusion-button-text\">Send <\/span><\/button><\/div><\/div><\/div><style type=\"text\/css\">.fusion-body .fusion-builder-column-7{width:20% !important;margin-top : 10px;margin-bottom : 10px;}.fusion-builder-column-7 > .fusion-column-wrapper {padding-top : 2px !important;padding-right : 0px !important;margin-right : 0%;padding-bottom : 0px !important;padding-left : 0px !important;margin-left : 2.88%;}@media only screen and (max-width:1024px) {.fusion-body .fusion-builder-column-7{width:100% !important;order : 0;}.fusion-builder-column-7 > .fusion-column-wrapper {margin-right : 1.92%;margin-left : 1.92%;}}@media only screen and (max-width:640px) {.fusion-body .fusion-builder-column-7{width:100% !important;order : 0;}.fusion-builder-column-7 > .fusion-column-wrapper {margin-right : 1.92%;margin-left : 1.92%;}}<\/style><\/div><div class=\"fusion-layout-column fusion_builder_column fusion-builder-column-8 fusion_builder_column_2_3 2_3 fusion-flex-column\"><div class=\"fusion-column-wrapper fusion-flex-justify-content-flex-start fusion-content-layout-column\" style=\"background-position:left top;background-repeat:no-repeat;-webkit-background-size:cover;-moz-background-size:cover;-o-background-size:cover;background-size:cover;padding: 0px 0px 0px 0px;\"><div class=\"form-submission-notices\" id=\"fusion-notices-1\"><div class=\"fusion-alert alert success alert-success fusion-alert-center fusion-form-response fusion-form-response-success fusion-alert-capitalize alert-dismissable\" style=\"background-color:#0072bc;color:#ffffff;border-color:#ffffff;border-width:1px;\"><button type=\"button\" class=\"close toggle-alert\" data-dismiss=\"alert\" aria-label=\"Close\">x<\/button><div class=\"fusion-alert-content-wrapper\"><span class=\"alert-icon\"><i class=\"fa-lg fa fa-check-circle\" aria-hidden=\"true\"><\/i><\/span><span class=\"fusion-alert-content\">Thank you for contacting H\u00e9\u00f0inn. We will respond to you as soon as possible.<\/span><\/div><\/div><div class=\"fusion-alert alert error alert-danger fusion-alert-center fusion-form-response fusion-form-response-error fusion-alert-capitalize alert-dismissable\" style=\"background-color:#f2dede;color:#a64242;border-color:#a64242;border-width:1px;\"><button type=\"button\" class=\"close toggle-alert\" data-dismiss=\"alert\" aria-label=\"Close\">x<\/button><div class=\"fusion-alert-content-wrapper\"><span class=\"alert-icon\"><i class=\"fa-lg fa fa-exclamation-triangle\" aria-hidden=\"true\"><\/i><\/span><span class=\"fusion-alert-content\">Unfortunately an error occurred when you sent the message. Please try again later.<\/span><\/div><\/div><\/div><\/div><style type=\"text\/css\">.fusion-body .fusion-builder-column-8{width:66.666666666667% !important;margin-top : 10px;margin-bottom : 10px;}.fusion-builder-column-8 > .fusion-column-wrapper {padding-top : 0px !important;padding-right : 0px !important;margin-right : 2.88%;padding-bottom : 0px !important;padding-left : 0px !important;margin-left : 2.88%;}@media only screen and (max-width:1024px) {.fusion-body .fusion-builder-column-8{width:100% !important;order : 0;}.fusion-builder-column-8 > .fusion-column-wrapper {margin-right : 1.92%;margin-left : 1.92%;}}@media only screen and (max-width:640px) {.fusion-body .fusion-builder-column-8{width:100% !important;order : 0;}.fusion-builder-column-8 > .fusion-column-wrapper {margin-right : 1.92%;margin-left : 1.92%;}}<\/style><\/div><\/div><style type=\"text\/css\">.fusion-body .fusion-flex-container.fusion-builder-row-2-1{ padding-top : 0px;margin-top : 0px;padding-right : 0px;padding-bottom : 0px;margin-bottom : 0px;padding-left : 0px;}<\/style><\/div><input type=\"hidden\" name=\"fusion_privacy_store_ip_ua\" value=\"false\"><input type=\"hidden\" name=\"fusion_privacy_expiration_interval\" value=\"48\"><input type=\"hidden\" name=\"privacy_expiration_action\" value=\"ignore\"><input type=\"hidden\" name=\"trp-form-language\" value=\"en\"\/><\/form><\/div><\/div><style type=\"text\/css\">.fusion-body .fusion-builder-column-3{width:100% !important;margin-top : 3%;margin-bottom : 3%;}.fusion-builder-column-3 > .fusion-column-wrapper {padding-top : 0px !important;padding-right : 0px !important;margin-right : 0px;padding-bottom : 0px !important;padding-left : 0px !important;margin-left : 0px;}@media only screen and (max-width:1024px) {.fusion-body .fusion-builder-column-3{width:100% !important;}.fusion-builder-column-3 > .fusion-column-wrapper {margin-right : 0px;margin-left : 0px;}}@media only screen and (max-width:640px) {.fusion-body .fusion-builder-column-3{width:100% !important;}.fusion-builder-column-3 > .fusion-column-wrapper {margin-right : 0px;margin-left : 0px;}}<\/style><\/div><\/div><style type=\"text\/css\">.fusion-body .fusion-flex-container.fusion-builder-row-2{ padding-top : 50px;margin-top : 0px;padding-right : 0px;padding-bottom : 45px;margin-bottom : 0px;padding-left : 0px;}@media only screen and (max-width:640px) {.fusion-body .fusion-flex-container.fusion-builder-row-2{ padding-right : 50px;padding-left : 50px;}}<\/style><\/div>\n<\/p>","protected":false},"excerpt":{"rendered":"","protected":false},"author":2,"featured_media":0,"parent":2231,"menu_order":0,"comment_status":"closed","ping_status":"closed","template":"100-width.php","meta":{"inline_featured_image":false,"footnotes":""},"class_list":["post-16","page","type-page","status-publish","hentry"],"yoast_head":"<!-- This site is optimized with the Yoast SEO plugin v25.6 - https:\/\/yoast.com\/wordpress\/plugins\/seo\/ -->\n<title>Fr\u00e9ttir - H\u00e9\u00f0inn<\/title>\n<meta name=\"description\" content=\"H\u00e9\u00f0inn er n\u00fat\u00edma i\u00f0nfyrirt\u00e6ki sem byggir \u00e1 langri reynslu og dj\u00fapri \u00feekkingu \u00ed m\u00e1lmi\u00f0na\u00f0i og v\u00e9lt\u00e6kni. H\u00e9\u00f0inn er eitt st\u00e6rsta og \u00f6flugasta fyrirt\u00e6ki landsins \u00e1 s\u00ednu svi\u00f0i og fagnar 100 \u00e1ra afm\u00e6li \u00e1 \u00e1rinu \u00e1ri\u00f0 202\" \/>\n<meta name=\"robots\" content=\"index, follow, max-snippet:-1, max-image-preview:large, max-video-preview:-1\" \/>\n<link rel=\"canonical\" href=\"https:\/\/hedinn.is\/en\/um-okkur\/frettir\/\" \/>\n<meta property=\"og:locale\" content=\"en_US\" \/>\n<meta property=\"og:type\" content=\"article\" \/>\n<meta property=\"og:title\" content=\"Fr\u00e9ttir - H\u00e9\u00f0inn\" \/>\n<meta property=\"og:description\" content=\"H\u00e9\u00f0inn er n\u00fat\u00edma i\u00f0nfyrirt\u00e6ki sem byggir \u00e1 langri reynslu og dj\u00fapri \u00feekkingu \u00ed m\u00e1lmi\u00f0na\u00f0i og v\u00e9lt\u00e6kni. H\u00e9\u00f0inn er eitt st\u00e6rsta og \u00f6flugasta fyrirt\u00e6ki landsins \u00e1 s\u00ednu svi\u00f0i og fagnar 100 \u00e1ra afm\u00e6li \u00e1 \u00e1rinu \u00e1ri\u00f0 202\" \/>\n<meta property=\"og:url\" content=\"https:\/\/hedinn.is\/en\/um-okkur\/frettir\/\" \/>\n<meta property=\"og:site_name\" content=\"H\u00e9\u00f0inn\" \/>\n<meta property=\"article:publisher\" content=\"https:\/\/www.facebook.com\/Hedinnhf\" \/>\n<meta property=\"article:modified_time\" content=\"2022-09-02T17:42:32+00:00\" \/>\n<meta name=\"twitter:card\" content=\"summary_large_image\" \/>\n<meta name=\"twitter:label1\" content=\"Est. reading time\" \/>\n\t<meta name=\"twitter:data1\" content=\"2 minutes\" \/>\n<script type=\"application\/ld+json\" class=\"yoast-schema-graph\">{\"@context\":\"https:\/\/schema.org\",\"@graph\":[{\"@type\":\"WebPage\",\"@id\":\"https:\/\/hedinn.is\/um-okkur\/frettir\/\",\"url\":\"https:\/\/hedinn.is\/um-okkur\/frettir\/\",\"name\":\"Fr\u00e9ttir - H\u00e9\u00f0inn\",\"isPartOf\":{\"@id\":\"https:\/\/hedinn.is\/#website\"},\"datePublished\":\"2015-12-02T10:52:51+00:00\",\"dateModified\":\"2022-09-02T17:42:32+00:00\",\"description\":\"H\u00e9\u00f0inn er n\u00fat\u00edma i\u00f0nfyrirt\u00e6ki sem byggir \u00e1 langri reynslu og dj\u00fapri \u00feekkingu \u00ed m\u00e1lmi\u00f0na\u00f0i og v\u00e9lt\u00e6kni. H\u00e9\u00f0inn er eitt st\u00e6rsta og \u00f6flugasta fyrirt\u00e6ki landsins \u00e1 s\u00ednu svi\u00f0i og fagnar 100 \u00e1ra afm\u00e6li \u00e1 \u00e1rinu \u00e1ri\u00f0 202\",\"breadcrumb\":{\"@id\":\"https:\/\/hedinn.is\/um-okkur\/frettir\/#breadcrumb\"},\"inLanguage\":\"en-US\",\"potentialAction\":[{\"@type\":\"ReadAction\",\"target\":[\"https:\/\/hedinn.is\/um-okkur\/frettir\/\"]}]},{\"@type\":\"BreadcrumbList\",\"@id\":\"https:\/\/hedinn.is\/um-okkur\/frettir\/#breadcrumb\",\"itemListElement\":[{\"@type\":\"ListItem\",\"position\":1,\"name\":\"Home\",\"item\":\"https:\/\/hedinn.is\/\"},{\"@type\":\"ListItem\",\"position\":2,\"name\":\"Um okkur\",\"item\":\"https:\/\/hedinn.is\/um-okkur\/\"},{\"@type\":\"ListItem\",\"position\":3,\"name\":\"Fr\u00e9ttir\"}]},{\"@type\":\"WebSite\",\"@id\":\"https:\/\/hedinn.is\/#website\",\"url\":\"https:\/\/hedinn.is\/\",\"name\":\"H\u00e9\u00f0inn\",\"description\":\"1922-2022\",\"publisher\":{\"@id\":\"https:\/\/hedinn.is\/#organization\"},\"potentialAction\":[{\"@type\":\"SearchAction\",\"target\":{\"@type\":\"EntryPoint\",\"urlTemplate\":\"https:\/\/hedinn.is\/?s={search_term_string}\"},\"query-input\":{\"@type\":\"PropertyValueSpecification\",\"valueRequired\":true,\"valueName\":\"search_term_string\"}}],\"inLanguage\":\"en-US\"},{\"@type\":\"Organization\",\"@id\":\"https:\/\/hedinn.is\/#organization\",\"name\":\"H\u00e9\u00f0inn\",\"url\":\"https:\/\/hedinn.is\/\",\"logo\":{\"@type\":\"ImageObject\",\"inLanguage\":\"en-US\",\"@id\":\"https:\/\/hedinn.is\/#\/schema\/logo\/image\/\",\"url\":\"https:\/\/hedinn.is\/wp-content\/uploads\/2022\/04\/HED_Top_RGB.png\",\"contentUrl\":\"https:\/\/hedinn.is\/wp-content\/uploads\/2022\/04\/HED_Top_RGB.png\",\"width\":1209,\"height\":975,\"caption\":\"H\u00e9\u00f0inn\"},\"image\":{\"@id\":\"https:\/\/hedinn.is\/#\/schema\/logo\/image\/\"},\"sameAs\":[\"https:\/\/www.facebook.com\/Hedinnhf\",\"https:\/\/www.instagram.com\/hedinn_hf\/\",\"https:\/\/www.youtube.com\/user\/Hedinnhf\",\"https:\/\/www.linkedin.com\/company\/hedinn-hf\/\"]}]}<\/script>\n<!-- \/ Yoast SEO plugin. -->","yoast_head_json":{"title":"Fr\u00e9ttir - H\u00e9\u00f0inn","description":"H\u00e9\u00f0inn is a modern industrial company built on decades of experience and deep expertise in metalworking and mechanical engineering. H\u00e9\u00f0inn is one of the largest and most powerful companies in Iceland in its field and celebrated its 100th anniversary in the year 2022.","robots":{"index":"index","follow":"follow","max-snippet":"max-snippet:-1","max-image-preview":"max-image-preview:large","max-video-preview":"max-video-preview:-1"},"canonical":"https:\/\/hedinn.is\/en\/um-okkur\/frettir\/","og_locale":"en_US","og_type":"article","og_title":"Fr\u00e9ttir - H\u00e9\u00f0inn","og_description":"H\u00e9\u00f0inn er n\u00fat\u00edma i\u00f0nfyrirt\u00e6ki sem byggir \u00e1 langri reynslu og dj\u00fapri \u00feekkingu \u00ed m\u00e1lmi\u00f0na\u00f0i og v\u00e9lt\u00e6kni. H\u00e9\u00f0inn er eitt st\u00e6rsta og \u00f6flugasta fyrirt\u00e6ki landsins \u00e1 s\u00ednu svi\u00f0i og fagnar 100 \u00e1ra afm\u00e6li \u00e1 \u00e1rinu \u00e1ri\u00f0 202","og_url":"https:\/\/hedinn.is\/en\/um-okkur\/frettir\/","og_site_name":"H\u00e9\u00f0inn","article_publisher":"https:\/\/www.facebook.com\/Hedinnhf","article_modified_time":"2022-09-02T17:42:32+00:00","twitter_card":"summary_large_image","twitter_misc":{"Est. reading time":"2 minutes"},"schema":{"@context":"https:\/\/schema.org","@graph":[{"@type":"WebPage","@id":"https:\/\/hedinn.is\/um-okkur\/frettir\/","url":"https:\/\/hedinn.is\/um-okkur\/frettir\/","name":"Fr\u00e9ttir - H\u00e9\u00f0inn","isPartOf":{"@id":"https:\/\/hedinn.is\/#website"},"datePublished":"2015-12-02T10:52:51+00:00","dateModified":"2022-09-02T17:42:32+00:00","description":"H\u00e9\u00f0inn is a modern industrial company built on decades of experience and deep expertise in metalworking and mechanical engineering. H\u00e9\u00f0inn is one of the largest and most powerful companies in Iceland in its field and celebrated its 100th anniversary in the year 2022.","breadcrumb":{"@id":"https:\/\/hedinn.is\/um-okkur\/frettir\/#breadcrumb"},"inLanguage":"en-US","potentialAction":[{"@type":"ReadAction","target":["https:\/\/hedinn.is\/um-okkur\/frettir\/"]}]},{"@type":"BreadcrumbList","@id":"https:\/\/hedinn.is\/um-okkur\/frettir\/#breadcrumb","itemListElement":[{"@type":"ListItem","position":1,"name":"Home","item":"https:\/\/hedinn.is\/"},{"@type":"ListItem","position":2,"name":"Um okkur","item":"https:\/\/hedinn.is\/um-okkur\/"},{"@type":"ListItem","position":3,"name":"Fr\u00e9ttir"}]},{"@type":"WebSite","@id":"https:\/\/hedinn.is\/#website","url":"https:\/\/hedinn.is\/","name":"H\u00e9\u00f0inn","description":"1922-2022","publisher":{"@id":"https:\/\/hedinn.is\/#organization"},"potentialAction":[{"@type":"SearchAction","target":{"@type":"EntryPoint","urlTemplate":"https:\/\/hedinn.is\/?s={search_term_string}"},"query-input":{"@type":"PropertyValueSpecification","valueRequired":true,"valueName":"search_term_string"}}],"inLanguage":"en-US"},{"@type":"Organization","@id":"https:\/\/hedinn.is\/#organization","name":"H\u00e9\u00f0inn","url":"https:\/\/hedinn.is\/","logo":{"@type":"ImageObject","inLanguage":"en-US","@id":"https:\/\/hedinn.is\/#\/schema\/logo\/image\/","url":"https:\/\/hedinn.is\/wp-content\/uploads\/2022\/04\/HED_Top_RGB.png","contentUrl":"https:\/\/hedinn.is\/wp-content\/uploads\/2022\/04\/HED_Top_RGB.png","width":1209,"height":975,"caption":"H\u00e9\u00f0inn"},"image":{"@id":"https:\/\/hedinn.is\/#\/schema\/logo\/image\/"},"sameAs":["https:\/\/www.facebook.com\/Hedinnhf","https:\/\/www.instagram.com\/hedinn_hf\/","https:\/\/www.youtube.com\/user\/Hedinnhf","https:\/\/www.linkedin.com\/company\/hedinn-hf\/"]}]}},"_links":{"self":[{"href":"https:\/\/hedinn.is\/en\/wp-json\/wp\/v2\/pages\/16","targetHints":{"allow":["GET"]}}],"collection":[{"href":"https:\/\/hedinn.is\/en\/wp-json\/wp\/v2\/pages"}],"about":[{"href":"https:\/\/hedinn.is\/en\/wp-json\/wp\/v2\/types\/page"}],"author":[{"embeddable":true,"href":"https:\/\/hedinn.is\/en\/wp-json\/wp\/v2\/users\/2"}],"replies":[{"embeddable":true,"href":"https:\/\/hedinn.is\/en\/wp-json\/wp\/v2\/comments?post=16"}],"version-history":[{"count":0,"href":"https:\/\/hedinn.is\/en\/wp-json\/wp\/v2\/pages\/16\/revisions"}],"up":[{"embeddable":true,"href":"https:\/\/hedinn.is\/en\/wp-json\/wp\/v2\/pages\/2231"}],"wp:attachment":[{"href":"https:\/\/hedinn.is\/en\/wp-json\/wp\/v2\/media?parent=16"}],"curies":[{"name":"wp","href":"https:\/\/api.w.org\/{rel}","templated":true}]}}